{"id":1366,"date":"2025-12-04T18:21:13","date_gmt":"2025-12-04T18:21:13","guid":{"rendered":"http:\/\/culturaveracruz.gob.mx\/secver\/?page_id=1366"},"modified":"2026-02-11T16:14:48","modified_gmt":"2026-02-11T16:14:48","slug":"profesionalizacion","status":"publish","type":"page","link":"http:\/\/culturaveracruz.gob.mx\/secver\/profesionalizacion\/","title":{"rendered":"PROFESIONALIZACI\u00d3N"},"content":{"rendered":"\t\t<div data-elementor-type=\"wp-page\" data-elementor-id=\"1366\" class=\"elementor elementor-1366\">\n\t\t\t\t<div class=\"elementor-element elementor-element-1d8d954 e-flex e-con-boxed e-con e-parent\" data-id=\"1d8d954\" data-element_type=\"container\" data-e-type=\"container\">\n\t\t\t\t\t<div class=\"e-con-inner\">\n\t\t\t\t<div class=\"elementor-element elementor-element-c1c4edd elementor-arrows-position-inside elementor-widget elementor-widget-image-carousel\" data-id=\"c1c4edd\" data-element_type=\"widget\" data-e-type=\"widget\" data-settings=\"{&quot;slides_to_show&quot;:&quot;1&quot;,&quot;navigation&quot;:&quot;arrows&quot;,&quot;autoplay&quot;:&quot;yes&quot;,&quot;pause_on_hover&quot;:&quot;yes&quot;,&quot;pause_on_interaction&quot;:&quot;yes&quot;,&quot;autoplay_speed&quot;:5000,&quot;infinite&quot;:&quot;yes&quot;,&quot;effect&quot;:&quot;slide&quot;,&quot;speed&quot;:500}\" data-widget_type=\"image-carousel.default\">\n\t\t\t\t\t\t\t<div class=\"elementor-image-carousel-wrapper swiper\" role=\"region\" aria-roledescription=\"carousel\" aria-label=\"Carrusel de im\u00e1genes\" dir=\"ltr\">\n\t\t\t<div class=\"elementor-image-carousel swiper-wrapper\" aria-live=\"off\">\n\t\t\t\t\t\t\t\t<div class=\"swiper-slide\" role=\"group\" aria-roledescription=\"slide\" aria-label=\"1 de 40\"><figure class=\"swiper-slide-inner\"><img decoding=\"async\" class=\"swiper-slide-image\" src=\"http:\/\/culturaveracruz.gob.mx\/secver\/wp-content\/uploads\/elementor\/thumbs\/Enero-1-rhbiaxjly6ul6mg8cuysytxdhk6i8wuu8xn4ikk0vk.jpeg\" alt=\"Enero Capacitaci\u00f3n D\u00eda Naranja\" \/><figcaption class=\"elementor-image-carousel-caption\">Enero Capacitaci\u00f3n D\u00eda Naranja<\/figcaption><\/figure><\/div><div class=\"swiper-slide\" role=\"group\" aria-roledescription=\"slide\" aria-label=\"2 de 40\"><figure class=\"swiper-slide-inner\"><img decoding=\"async\" class=\"swiper-slide-image\" src=\"http:\/\/culturaveracruz.gob.mx\/secver\/wp-content\/uploads\/elementor\/thumbs\/WhatsApp-Image-2026-01-06-at-2.44.53-PM-rhd2s1ieeo0vez8tf6lhna6tbt8mcf5vfw8ojk1kds.jpeg\" alt=\"WhatsApp Image 2026-01-06 at 2.44.53 PM\" \/><\/figure><\/div><div class=\"swiper-slide\" role=\"group\" aria-roledescription=\"slide\" aria-label=\"3 de 40\"><figure class=\"swiper-slide-inner\"><img decoding=\"async\" class=\"swiper-slide-image\" src=\"http:\/\/culturaveracruz.gob.mx\/secver\/wp-content\/uploads\/elementor\/thumbs\/WhatsApp-Image-2026-01-06-at-2.44.58-PM-rhd3u23etg2cz80vfm6ahoty8tv1nq32023nafocq8.jpeg\" alt=\"WhatsApp Image 2026-01-06 at 2.44.58 PM\" \/><\/figure><\/div><div class=\"swiper-slide\" role=\"group\" aria-roledescription=\"slide\" aria-label=\"4 de 40\"><figure class=\"swiper-slide-inner\"><img decoding=\"async\" class=\"swiper-slide-image\" src=\"http:\/\/culturaveracruz.gob.mx\/secver\/wp-content\/uploads\/elementor\/thumbs\/WhatsApp-Image-2026-01-06-at-2.45.50-PM-rhd3urh1xz13op00bf57v0fea8dyfjvt3jpr8wmq28.jpeg\" alt=\"Capacitaci\u00f3n Hostigamiento y Acoso sexual Atarazanas Febrero\" \/><figcaption class=\"elementor-image-carousel-caption\">Capacitaci\u00f3n Hostigamiento y Acoso sexual Atarazanas Febrero<\/figcaption><\/figure><\/div><div class=\"swiper-slide\" role=\"group\" aria-roledescription=\"slide\" aria-label=\"5 de 40\"><figure class=\"swiper-slide-inner\"><img decoding=\"async\" class=\"swiper-slide-image\" src=\"http:\/\/culturaveracruz.gob.mx\/secver\/wp-content\/uploads\/elementor\/thumbs\/WhatsApp-Image-2026-01-06-at-2.45.51-PM-2-rhd3wqwsddqw7248qa0v4ieffiluojrepdanpxosxc.jpeg\" alt=\"WhatsApp Image 2026-01-06 at 2.45.51 PM (2)\" \/><\/figure><\/div><div class=\"swiper-slide\" role=\"group\" aria-roledescription=\"slide\" aria-label=\"6 de 40\"><figure class=\"swiper-slide-inner\"><img decoding=\"async\" class=\"swiper-slide-image\" src=\"http:\/\/culturaveracruz.gob.mx\/secver\/wp-content\/uploads\/elementor\/thumbs\/WhatsApp-Image-2026-01-06-at-2.46.09-PM-rhd3xqmnl33sg8ocxpgor9dy05pst1p7ia33yg7ucw.jpeg\" alt=\"Mesa de trabajo con directora de Formaci\u00f3n y desarrollo art\u00edstico para talleres 2025 para su personal\" \/><figcaption class=\"elementor-image-carousel-caption\">Mesa de trabajo con directora de Formaci\u00f3n y desarrollo art\u00edstico para talleres 2025 para su personal<\/figcaption><\/figure><\/div><div class=\"swiper-slide\" role=\"group\" aria-roledescription=\"slide\" aria-label=\"7 de 40\"><figure class=\"swiper-slide-inner\"><img decoding=\"async\" class=\"swiper-slide-image\" src=\"http:\/\/culturaveracruz.gob.mx\/secver\/wp-content\/uploads\/elementor\/thumbs\/WhatsApp-Image-2026-01-06-at-2.46.10-PM-rhd3yoguf4e427b7g43990uje130i5fjmxkl8eto4w.jpeg\" alt=\"Charla direcci\u00f3n de Desarollo regional d\u00eda naranja\" \/><figcaption class=\"elementor-image-carousel-caption\">Charla direcci\u00f3n de Desarollo regional d\u00eda naranja <\/figcaption><\/figure><\/div><div class=\"swiper-slide\" role=\"group\" aria-roledescription=\"slide\" aria-label=\"8 de 40\"><figure class=\"swiper-slide-inner\"><img decoding=\"async\" class=\"swiper-slide-image\" src=\"http:\/\/culturaveracruz.gob.mx\/secver\/wp-content\/uploads\/elementor\/thumbs\/WhatsApp-Image-2026-01-06-at-2.46.38-PM-rhd3z4g3nazzjknzuszwxetdhkw9506zd4nue45z74.jpeg\" alt=\"Abril taller a la direcci\u00f3n de formaci\u00f3n y Desarollo art\u00edstico por World visi\u00f3n de ambientes de aprendizaje\" \/><figcaption class=\"elementor-image-carousel-caption\">Abril taller a la direcci\u00f3n de formaci\u00f3n y Desarollo art\u00edstico por World visi\u00f3n de ambientes de aprendizaje<\/figcaption><\/figure><\/div><div class=\"swiper-slide\" role=\"group\" aria-roledescription=\"slide\" aria-label=\"9 de 40\"><figure class=\"swiper-slide-inner\"><img decoding=\"async\" class=\"swiper-slide-image\" src=\"http:\/\/culturaveracruz.gob.mx\/secver\/wp-content\/uploads\/elementor\/thumbs\/WhatsApp-Image-2026-01-06-at-2.46.41-PM-2-rhd3zq2e0htkylslckcc0rcz5fxp21kt43o0fh9x80.jpeg\" alt=\"WhatsApp Image 2026-01-06 at 2.46.41 PM (2)\" \/><\/figure><\/div><div class=\"swiper-slide\" role=\"group\" aria-roledescription=\"slide\" aria-label=\"10 de 40\"><figure class=\"swiper-slide-inner\"><img decoding=\"async\" class=\"swiper-slide-image\" src=\"http:\/\/culturaveracruz.gob.mx\/secver\/wp-content\/uploads\/elementor\/thumbs\/WhatsApp-Image-2026-01-06-at-2.46.42-PM-6-rhd43cpyegsfseit5mth5ce1q01pryzhy2ci4xw774.jpeg\" alt=\"WhatsApp Image 2026-01-06 at 2.46.42 PM (6)\" \/><\/figure><\/div><div class=\"swiper-slide\" role=\"group\" aria-roledescription=\"slide\" aria-label=\"11 de 40\"><figure class=\"swiper-slide-inner\"><img decoding=\"async\" class=\"swiper-slide-image\" src=\"http:\/\/culturaveracruz.gob.mx\/secver\/wp-content\/uploads\/elementor\/thumbs\/WhatsApp-Image-2026-01-06-at-2.46.44-PM-rhd43fjgyywar8epp61cutofi5ntf2aoygaykrs0og.jpeg\" alt=\"WhatsApp Image 2026-01-06 at 2.46.44 PM\" \/><\/figure><\/div><div class=\"swiper-slide\" role=\"group\" aria-roledescription=\"slide\" aria-label=\"12 de 40\"><figure class=\"swiper-slide-inner\"><img decoding=\"async\" class=\"swiper-slide-image\" src=\"http:\/\/culturaveracruz.gob.mx\/secver\/wp-content\/uploads\/elementor\/thumbs\/WhatsApp-Image-2026-01-06-at-2.47.12-PM-1-rhd45q99oe1j4x2ka5siy8szs2c48ff2ltpot4ddgw.jpeg\" alt=\"Capacitaci\u00f3n perspectiva de g\u00e9nero a trav\u00e9s del juego l\u00fadico loter\u00eda.\" \/><figcaption class=\"elementor-image-carousel-caption\">Capacitaci\u00f3n perspectiva de g\u00e9nero a trav\u00e9s del juego l\u00fadico loter\u00eda.<\/figcaption><\/figure><\/div><div class=\"swiper-slide\" role=\"group\" aria-roledescription=\"slide\" aria-label=\"13 de 40\"><figure class=\"swiper-slide-inner\"><img decoding=\"async\" class=\"swiper-slide-image\" src=\"http:\/\/culturaveracruz.gob.mx\/secver\/wp-content\/uploads\/elementor\/thumbs\/WhatsApp-Image-2026-01-06-at-2.48.06-PM-1-rhd494gacuot2852gmm0ydyx05lu12w6emit73c700.jpeg\" alt=\"WhatsApp Image 2026-01-06 at 2.48.06 PM (1)\" \/><\/figure><\/div><div class=\"swiper-slide\" role=\"group\" aria-roledescription=\"slide\" aria-label=\"14 de 40\"><figure class=\"swiper-slide-inner\"><img decoding=\"async\" class=\"swiper-slide-image\" src=\"http:\/\/culturaveracruz.gob.mx\/secver\/wp-content\/uploads\/elementor\/thumbs\/WhatsApp-Image-2026-01-06-at-2.48.06-PM-rhd4979sxcso120z05twnv9asb7xo67df0h9mx80hc.jpeg\" alt=\"WhatsApp Image 2026-01-06 at 2.48.06 PM\" \/><\/figure><\/div><div class=\"swiper-slide\" role=\"group\" aria-roledescription=\"slide\" aria-label=\"15 de 40\"><figure class=\"swiper-slide-inner\"><img decoding=\"async\" class=\"swiper-slide-image\" src=\"http:\/\/culturaveracruz.gob.mx\/secver\/wp-content\/uploads\/elementor\/thumbs\/WhatsApp-Image-2026-01-06-at-2.48.06-PM-2-rhd4c0sdfgnmuxxijdpm55n2xxbkrhedsyxpgt1htc.jpeg\" alt=\"Capacitaci\u00f3n perspectiva de g\u00e9nero a trav\u00e9s del juego l\u00fadico loter\u00eda. Jefa de difusion y jefe de programaci\u00f3n.\" \/><figcaption class=\"elementor-image-carousel-caption\">Capacitaci\u00f3n perspectiva de g\u00e9nero a trav\u00e9s del juego l\u00fadico loter\u00eda. Jefa de difusion y jefe de programaci\u00f3n.<\/figcaption><\/figure><\/div><div class=\"swiper-slide\" role=\"group\" aria-roledescription=\"slide\" aria-label=\"16 de 40\"><figure class=\"swiper-slide-inner\"><img decoding=\"async\" class=\"swiper-slide-image\" src=\"http:\/\/culturaveracruz.gob.mx\/secver\/wp-content\/uploads\/elementor\/thumbs\/WhatsApp-Image-2026-01-06-at-2.48.37-PM-rhd4cgrmnn9icbaay2m9tjlx1h4tec5tj60ymidsvk.jpeg\" alt=\"Charla hostigamiento y acoso sexual as\u00ed como importancia del d\u00eda naranja Casa principal \/ jefa difusi\u00f3n\" \/><figcaption class=\"elementor-image-carousel-caption\">Charla hostigamiento y acoso sexual as\u00ed como importancia del d\u00eda naranja Casa principal \/ jefa difusi\u00f3n <\/figcaption><\/figure><\/div><div class=\"swiper-slide\" role=\"group\" aria-roledescription=\"slide\" aria-label=\"17 de 40\"><figure class=\"swiper-slide-inner\"><img decoding=\"async\" class=\"swiper-slide-image\" src=\"http:\/\/culturaveracruz.gob.mx\/secver\/wp-content\/uploads\/elementor\/thumbs\/WhatsApp-Image-2026-01-06-at-2.49.08-PM-rhd4dviwwp6zr98kpok4k6st4a6mxzrbq596jgajjk.jpeg\" alt=\"Abril capacitaci\u00f3n personal de la secretaria e invitado especial personal del IVEA\" \/><figcaption class=\"elementor-image-carousel-caption\">Abril capacitaci\u00f3n personal de la secretaria e invitado especial personal del IVEA<\/figcaption><\/figure><\/div><div class=\"swiper-slide\" role=\"group\" aria-roledescription=\"slide\" aria-label=\"18 de 40\"><figure class=\"swiper-slide-inner\"><img decoding=\"async\" class=\"swiper-slide-image\" src=\"http:\/\/culturaveracruz.gob.mx\/secver\/wp-content\/uploads\/elementor\/thumbs\/WhatsApp-Image-2026-01-06-at-2.49.08-PM-1-rhd4e5v4zvl5aytk1b10tm6vniroanwdfkfithv7n4.jpeg\" alt=\"WhatsApp Image 2026-01-06 at 2.49.08 PM (1)\" \/><\/figure><\/div><div class=\"swiper-slide\" role=\"group\" aria-roledescription=\"slide\" aria-label=\"19 de 40\"><figure class=\"swiper-slide-inner\"><img decoding=\"async\" class=\"swiper-slide-image\" src=\"http:\/\/culturaveracruz.gob.mx\/secver\/wp-content\/uploads\/elementor\/thumbs\/WhatsApp-Image-2026-01-06-at-2.49.28-PM-1-rhd4eonwskavr628zj5k7hg3j870klz065h8f13c6o.jpeg\" alt=\"Mesa de trabajo con Recursos humanos sobre la concientizacion sobre el duelo gestacional, perinatal y neonatal\" \/><figcaption class=\"elementor-image-carousel-caption\">Mesa de trabajo con Recursos humanos sobre la concientizacion sobre el duelo gestacional, perinatal y neonatal<\/figcaption><\/figure><\/div><div class=\"swiper-slide\" role=\"group\" aria-roledescription=\"slide\" aria-label=\"20 de 40\"><figure class=\"swiper-slide-inner\"><img decoding=\"async\" class=\"swiper-slide-image\" src=\"http:\/\/culturaveracruz.gob.mx\/secver\/wp-content\/uploads\/elementor\/thumbs\/WhatsApp-Image-2026-01-06-at-2.49.42-PM-rhd4fu0t59vhy0e6a115970do6j5zaj6zu6lj7e0kw.jpeg\" alt=\"Mayo Capacitaci\u00f3n a trav\u00e9s de CEPREVIDE sobre violencia de g\u00e9nero\" \/><figcaption class=\"elementor-image-carousel-caption\">Mayo Capacitaci\u00f3n a trav\u00e9s de CEPREVIDE sobre violencia de g\u00e9nero<\/figcaption><\/figure><\/div><div class=\"swiper-slide\" role=\"group\" aria-roledescription=\"slide\" aria-label=\"21 de 40\"><figure class=\"swiper-slide-inner\"><img decoding=\"async\" class=\"swiper-slide-image\" src=\"http:\/\/culturaveracruz.gob.mx\/secver\/wp-content\/uploads\/elementor\/thumbs\/WhatsApp-Image-2026-01-06-at-2.49.55-PM-rhd4igyibjhgimk9vo2gr11xo3j8kq030w2n05h94g.jpeg\" alt=\"Junio Capacitaci\u00f3n perspectiva de g\u00e9nero casa principal a trav\u00e9s d e juego l\u00fadico loter\u00eda.\" \/><figcaption class=\"elementor-image-carousel-caption\">Junio Capacitaci\u00f3n perspectiva de g\u00e9nero casa principal a trav\u00e9s d e juego l\u00fadico loter\u00eda.<\/figcaption><\/figure><\/div><div class=\"swiper-slide\" role=\"group\" aria-roledescription=\"slide\" aria-label=\"22 de 40\"><figure class=\"swiper-slide-inner\"><img decoding=\"async\" class=\"swiper-slide-image\" src=\"http:\/\/culturaveracruz.gob.mx\/secver\/wp-content\/uploads\/elementor\/thumbs\/WhatsApp-Image-2026-01-06-at-2.50.19-PM-rhd4k0ezirldjmbpvu1gc524ptxw6v48wikabh70xc.jpeg\" alt=\"Capacitaci\u00f3n al departamento de recursos humanos con loter\u00eda de perspectiva de g\u00e9nero y memorama sobre diversidad sexual en el marco del mes del orgullo LGBTTTIQ+\" \/><figcaption class=\"elementor-image-carousel-caption\">Capacitaci\u00f3n al departamento de recursos humanos con loter\u00eda de perspectiva de g\u00e9nero y memorama sobre diversidad sexual en el marco del mes del orgullo LGBTTTIQ+<\/figcaption><\/figure><\/div><div class=\"swiper-slide\" role=\"group\" aria-roledescription=\"slide\" aria-label=\"23 de 40\"><figure class=\"swiper-slide-inner\"><img decoding=\"async\" class=\"swiper-slide-image\" src=\"http:\/\/culturaveracruz.gob.mx\/secver\/wp-content\/uploads\/elementor\/thumbs\/WhatsApp-Image-2026-01-06-at-2.50.29-PM-rhd4l9j8mtb50wi6kdjjnto98brigc3d2pvlcrc4mo.jpeg\" alt=\"Charla Hostigamiento y Acoso Sexual acompa\u00f1ada del \u00d3rgano Interno de Control a la Unidad Admnistrativa\" \/><figcaption class=\"elementor-image-carousel-caption\">Charla Hostigamiento y Acoso Sexual acompa\u00f1ada del \u00d3rgano Interno de Control a la Unidad Admnistrativa<\/figcaption><\/figure><\/div><div class=\"swiper-slide\" role=\"group\" aria-roledescription=\"slide\" aria-label=\"24 de 40\"><figure class=\"swiper-slide-inner\"><img decoding=\"async\" class=\"swiper-slide-image\" src=\"http:\/\/culturaveracruz.gob.mx\/secver\/wp-content\/uploads\/elementor\/thumbs\/WhatsApp-Image-2026-01-06-at-2.50.42-PM-1-rhd4lbex0hdpo4fg9ecsst76f3i8vqatqz6kbb9ca8.jpeg\" alt=\"Junio D\u00eda naranja y entrega de cartas por \u00e1reas de la secretar\u00eda acompa\u00f1ada del OIC\" \/><figcaption class=\"elementor-image-carousel-caption\">Junio D\u00eda naranja y entrega de cartas por \u00e1reas de la secretar\u00eda acompa\u00f1ada del OIC<\/figcaption><\/figure><\/div><div class=\"swiper-slide\" role=\"group\" aria-roledescription=\"slide\" aria-label=\"25 de 40\"><figure class=\"swiper-slide-inner\"><img decoding=\"async\" class=\"swiper-slide-image\" src=\"http:\/\/culturaveracruz.gob.mx\/secver\/wp-content\/uploads\/elementor\/thumbs\/WhatsApp-Image-2026-01-06-at-2.51.14-PM-rhd4n3bxx7t7llulw5zfid2itar7f5cknrjky4mkj4.jpeg\" alt=\"Charla Discriminaci\u00f3n sexo gen\u00e9rica por centro de cultura Phaskein\" \/><figcaption class=\"elementor-image-carousel-caption\">Charla Discriminaci\u00f3n sexo gen\u00e9rica por centro de cultura Phaskein<\/figcaption><\/figure><\/div><div class=\"swiper-slide\" role=\"group\" aria-roledescription=\"slide\" aria-label=\"26 de 40\"><figure class=\"swiper-slide-inner\"><img decoding=\"async\" class=\"swiper-slide-image\" src=\"http:\/\/culturaveracruz.gob.mx\/secver\/wp-content\/uploads\/elementor\/thumbs\/WhatsApp-Image-2026-01-06-at-2.51.14-PM-1-rhd4olukxlvuaznf1tjsizb99nahtld079dqs6dqi8.jpeg\" alt=\"WhatsApp Image 2026-01-06 at 2.51.14 PM (1)\" \/><\/figure><\/div><div class=\"swiper-slide\" role=\"group\" aria-roledescription=\"slide\" aria-label=\"27 de 40\"><figure class=\"swiper-slide-inner\"><img decoding=\"async\" class=\"swiper-slide-image\" src=\"http:\/\/culturaveracruz.gob.mx\/secver\/wp-content\/uploads\/elementor\/thumbs\/WhatsApp-Image-2026-01-06-at-2.51.28-PM-rhd4rvcenwcom8wqzqc5onnvit7djrbgbexfrrjiwg.jpeg\" alt=\"Julio, Charla lactancia Materna con unidad administrativa y Recursos Humanos\" \/><figcaption class=\"elementor-image-carousel-caption\">Julio, Charla lactancia Materna con unidad administrativa y Recursos Humanos<\/figcaption><\/figure><\/div><div class=\"swiper-slide\" role=\"group\" aria-roledescription=\"slide\" aria-label=\"28 de 40\"><figure class=\"swiper-slide-inner\"><img decoding=\"async\" class=\"swiper-slide-image\" src=\"http:\/\/culturaveracruz.gob.mx\/secver\/wp-content\/uploads\/elementor\/thumbs\/WhatsApp-Image-2026-01-06-at-2.51.41-PM-rhd4t7a6cg6b2cz47t24ptkdtgn3gblri0778vkg34.jpeg\" alt=\"Julio D\u00eda Naranja\" \/><figcaption class=\"elementor-image-carousel-caption\">Julio D\u00eda Naranja<\/figcaption><\/figure><\/div><div class=\"swiper-slide\" role=\"group\" aria-roledescription=\"slide\" aria-label=\"29 de 40\"><figure class=\"swiper-slide-inner\"><img decoding=\"async\" class=\"swiper-slide-image\" src=\"http:\/\/culturaveracruz.gob.mx\/secver\/wp-content\/uploads\/elementor\/thumbs\/WhatsApp-Image-2026-01-06-at-2.51.57-PM-rhd4u9tk4nn2adf4yrpu21ua69d57wurbay3x7zb00.jpeg\" alt=\"Agosto Capacitaci\u00f3n hostigamiento y acoso sexual unidad de transparencia\" \/><figcaption class=\"elementor-image-carousel-caption\">Agosto Capacitaci\u00f3n hostigamiento y acoso sexual unidad de transparencia<\/figcaption><\/figure><\/div><div class=\"swiper-slide\" role=\"group\" aria-roledescription=\"slide\" aria-label=\"30 de 40\"><figure class=\"swiper-slide-inner\"><img decoding=\"async\" class=\"swiper-slide-image\" src=\"http:\/\/culturaveracruz.gob.mx\/secver\/wp-content\/uploads\/elementor\/thumbs\/WhatsApp-Image-2026-01-06-at-2.52.09-PM-rhd4v6pwruw3kq3cmnxrzbjeyquzpbhd3ts3pwmiy8.jpeg\" alt=\"Agosto d\u00eda naranja con entrega de cartillas de los derechos de las mujeres\" \/><figcaption class=\"elementor-image-carousel-caption\">Agosto d\u00eda naranja con entrega de cartillas de los derechos de las mujeres<\/figcaption><\/figure><\/div><div class=\"swiper-slide\" role=\"group\" aria-roledescription=\"slide\" aria-label=\"31 de 40\"><figure class=\"swiper-slide-inner\"><img decoding=\"async\" class=\"swiper-slide-image\" src=\"http:\/\/culturaveracruz.gob.mx\/secver\/wp-content\/uploads\/elementor\/thumbs\/WhatsApp-Image-2026-01-06-at-2.52.20-PM-1-rhd4y3zu1aw7p1ufjxfzqkz1hwg3nf3auauhgwaflc.jpeg\" alt=\"Capacitaci\u00f3n Hostigamiento y acoso sexual a jefes de la unidad administrativa acompa\u00f1ada del OIC\" \/><figcaption class=\"elementor-image-carousel-caption\">Capacitaci\u00f3n Hostigamiento y acoso sexual a jefes de la unidad administrativa acompa\u00f1ada del OIC<\/figcaption><\/figure><\/div><div class=\"swiper-slide\" role=\"group\" aria-roledescription=\"slide\" aria-label=\"32 de 40\"><figure class=\"swiper-slide-inner\"><img decoding=\"async\" class=\"swiper-slide-image\" src=\"http:\/\/culturaveracruz.gob.mx\/secver\/wp-content\/uploads\/elementor\/thumbs\/WhatsApp-Image-2026-01-06-at-2.52.34-PM-1-rhd4zlkmuuxk2tolv2lq6pgbcv40u6001o15to2zqo.jpeg\" alt=\"Septiembre capacitaci\u00f3n  lenjuague incl\u00fayete y hostigamiento y acoso sexual\" \/><figcaption class=\"elementor-image-carousel-caption\">Septiembre capacitaci\u00f3n  lenjuague incl\u00fayete y hostigamiento y acoso sexual<\/figcaption><\/figure><\/div><div class=\"swiper-slide\" role=\"group\" aria-roledescription=\"slide\" aria-label=\"33 de 40\"><figure class=\"swiper-slide-inner\"><img decoding=\"async\" class=\"swiper-slide-image\" src=\"http:\/\/culturaveracruz.gob.mx\/secver\/wp-content\/uploads\/elementor\/thumbs\/WhatsApp-Image-2026-01-06-at-2.52.35-PM-4-rhd51uer6m07taf6r1jn551yg01l84wx0s4x3gr4vk.jpeg\" alt=\"WhatsApp Image 2026-01-06 at 2.52.35 PM (4)\" \/><\/figure><\/div><div class=\"swiper-slide\" role=\"group\" aria-roledescription=\"slide\" aria-label=\"34 de 40\"><figure class=\"swiper-slide-inner\"><img decoding=\"async\" class=\"swiper-slide-image\" src=\"http:\/\/culturaveracruz.gob.mx\/secver\/wp-content\/uploads\/elementor\/thumbs\/WhatsApp-Image-2026-01-06-at-2.52.35-PM-rhd53961fnxp88dginhhvs8uit3ersif7rd50envjk.jpeg\" alt=\"WhatsApp Image 2026-01-06 at 2.52.35 PM\" \/><\/figure><\/div><div class=\"swiper-slide\" role=\"group\" aria-roledescription=\"slide\" aria-label=\"35 de 40\"><figure class=\"swiper-slide-inner\"><img decoding=\"async\" class=\"swiper-slide-image\" src=\"http:\/\/culturaveracruz.gob.mx\/secver\/wp-content\/uploads\/elementor\/thumbs\/WhatsApp-Image-2026-01-06-at-2.52.36-PM-rhd54hcgcvm6dwlacokymz3ifx1ntkdt1u0ykeudf4.jpeg\" alt=\"WhatsApp Image 2026-01-06 at 2.52.36 PM\" \/><\/figure><\/div><div class=\"swiper-slide\" role=\"group\" aria-roledescription=\"slide\" aria-label=\"36 de 40\"><figure class=\"swiper-slide-inner\"><img decoding=\"async\" class=\"swiper-slide-image\" src=\"http:\/\/culturaveracruz.gob.mx\/secver\/wp-content\/uploads\/elementor\/thumbs\/WhatsApp-Image-2026-01-06-at-2.52.47-PM-1-rhd55ktobx47xizxy5najp4ve3n2suqj79fcq17u5s.jpeg\" alt=\"Septiembre capacitaci\u00f3n a la direcci\u00f3n de planeaci\u00f3n con perspectiva de g\u00e9nero: construcci\u00f3n de indicadores\" \/><figcaption class=\"elementor-image-carousel-caption\">Septiembre capacitaci\u00f3n a la direcci\u00f3n de planeaci\u00f3n con perspectiva de g\u00e9nero: construcci\u00f3n de indicadores<\/figcaption><\/figure><\/div><div class=\"swiper-slide\" role=\"group\" aria-roledescription=\"slide\" aria-label=\"37 de 40\"><figure class=\"swiper-slide-inner\"><img decoding=\"async\" class=\"swiper-slide-image\" src=\"http:\/\/culturaveracruz.gob.mx\/secver\/wp-content\/uploads\/elementor\/thumbs\/WhatsApp-Image-2026-01-06-at-2.52.48-PM-3-rhd56nd244kz5jfyp4azvxerqwd4kfzj0k69edmp2o.jpeg\" alt=\"WhatsApp Image 2026-01-06 at 2.52.48 PM (3)\" \/><\/figure><\/div><div class=\"swiper-slide\" role=\"group\" aria-roledescription=\"slide\" aria-label=\"38 de 40\"><figure class=\"swiper-slide-inner\"><img decoding=\"async\" class=\"swiper-slide-image\" src=\"http:\/\/culturaveracruz.gob.mx\/secver\/wp-content\/uploads\/elementor\/thumbs\/WhatsApp-Image-2026-01-06-at-2.53.02-PM-1-rhd57jbkkhsq4a5jii4b8pcfxzzlu5iegycrpsbb74.jpeg\" alt=\"D\u00eda naranja septiembre acompa\u00f1ado de la cartilla de los derechos de la mujer\" \/><figcaption class=\"elementor-image-carousel-caption\">D\u00eda naranja septiembre acompa\u00f1ado de la cartilla de los derechos de la mujer<\/figcaption><\/figure><\/div><div class=\"swiper-slide\" role=\"group\" aria-roledescription=\"slide\" aria-label=\"39 de 40\"><figure class=\"swiper-slide-inner\"><img decoding=\"async\" class=\"swiper-slide-image\" src=\"http:\/\/culturaveracruz.gob.mx\/secver\/wp-content\/uploads\/elementor\/thumbs\/WhatsApp-Image-2026-01-06-at-2.54.43-PM-rhd587rdi6q6i561jsom1j6fe0n5ea7f8bbe6zb2pc.jpeg\" alt=\"Taller a maestros de la escuela libre de m\u00fasica: Taller para informar a padres de familia sobre los factores crimin\u00f3genos que desencadenan conductas inadecuadas en ni\u00f1os, ni\u00f1as y adolescentes.\" \/><figcaption class=\"elementor-image-carousel-caption\">Taller a maestros de la escuela libre de m\u00fasica: Taller para informar a padres de familia sobre los factores crimin\u00f3genos que desencadenan conductas inadecuadas en ni\u00f1os, ni\u00f1as y adolescentes.<\/figcaption><\/figure><\/div><div class=\"swiper-slide\" role=\"group\" aria-roledescription=\"slide\" aria-label=\"40 de 40\"><figure class=\"swiper-slide-inner\"><img decoding=\"async\" class=\"swiper-slide-image\" src=\"http:\/\/culturaveracruz.gob.mx\/secver\/wp-content\/uploads\/elementor\/thumbs\/WhatsApp-Image-2026-01-06-at-2.55.39-PM-1-rhd59s5ow8vduqw4eh2874y314x684fbg2gizkzgc0.jpeg\" alt=\"En diciembre Capacitaci\u00f3n hostigamiento y acoso sexual a DAP y departamento de vinculaci\u00f3n con municipios.\" \/><figcaption class=\"elementor-image-carousel-caption\">En diciembre Capacitaci\u00f3n hostigamiento y acoso sexual a DAP y departamento de vinculaci\u00f3n con municipios.<\/figcaption><\/figure><\/div>\t\t\t<\/div>\n\t\t\t\t\t\t\t\t\t\t\t\t<div class=\"elementor-swiper-button elementor-swiper-button-prev\" role=\"button\" tabindex=\"0\">\n\t\t\t\t\t\t<svg aria-hidden=\"true\" class=\"e-font-icon-svg e-eicon-chevron-left\" viewBox=\"0 0 1000 1000\" xmlns=\"http:\/\/www.w3.org\/2000\/svg\"><path d=\"M646 125C629 125 613 133 604 142L308 442C296 454 292 471 292 487 292 504 296 521 308 533L604 854C617 867 629 875 646 875 663 875 679 871 692 858 704 846 713 829 713 812 713 796 708 779 692 767L438 487 692 225C700 217 708 204 708 187 708 171 704 154 692 142 675 129 663 125 646 125Z\"><\/path><\/svg>\t\t\t\t\t<\/div>\n\t\t\t\t\t<div class=\"elementor-swiper-button elementor-swiper-button-next\" role=\"button\" tabindex=\"0\">\n\t\t\t\t\t\t<svg aria-hidden=\"true\" class=\"e-font-icon-svg e-eicon-chevron-right\" viewBox=\"0 0 1000 1000\" xmlns=\"http:\/\/www.w3.org\/2000\/svg\"><path d=\"M696 533C708 521 713 504 713 487 713 471 708 454 696 446L400 146C388 133 375 125 354 125 338 125 325 129 313 142 300 154 292 171 292 187 292 204 296 221 308 233L563 492 304 771C292 783 288 800 288 817 288 833 296 850 308 863 321 871 338 875 354 875 371 875 388 867 400 854L696 533Z\"><\/path><\/svg>\t\t\t\t\t<\/div>\n\t\t\t\t\n\t\t\t\t\t\t\t\t\t<\/div>\n\t\t\t\t\t\t<\/div>\n\t\t\t\t\t<\/div>\n\t\t\t\t<\/div>\n\t\t\t\t<\/div>\n\t\t","protected":false},"excerpt":{"rendered":"<p>Enero Capacitaci\u00f3n D\u00eda Naranja Capacitaci\u00f3n Hostigamiento y Acoso sexual Atarazanas Febrero Mesa de trabajo con directora de Formaci\u00f3n y desarrollo art\u00edstico para talleres 2025 para su personal Charla direcci\u00f3n de Desarollo regional d\u00eda naranja Abril taller a la direcci\u00f3n de formaci\u00f3n y Desarollo art\u00edstico por World visi\u00f3n de ambientes de aprendizaje Capacitaci\u00f3n perspectiva de g\u00e9nero&hellip;&nbsp;<\/p>\n","protected":false},"author":1,"featured_media":0,"parent":0,"menu_order":0,"comment_status":"closed","ping_status":"closed","template":"page-templates\/template-pagebuilder-full-width.php","meta":{"neve_meta_sidebar":"","neve_meta_container":"","neve_meta_enable_content_width":"","neve_meta_content_width":0,"neve_meta_title_alignment":"","neve_meta_author_avatar":"","neve_post_elements_order":"","neve_meta_disable_header":"","neve_meta_disable_footer":"","neve_meta_disable_title":"","footnotes":""},"class_list":["post-1366","page","type-page","status-publish","hentry"],"_links":{"self":[{"href":"http:\/\/culturaveracruz.gob.mx\/secver\/wp-json\/wp\/v2\/pages\/1366","targetHints":{"allow":["GET"]}}],"collection":[{"href":"http:\/\/culturaveracruz.gob.mx\/secver\/wp-json\/wp\/v2\/pages"}],"about":[{"href":"http:\/\/culturaveracruz.gob.mx\/secver\/wp-json\/wp\/v2\/types\/page"}],"author":[{"embeddable":true,"href":"http:\/\/culturaveracruz.gob.mx\/secver\/wp-json\/wp\/v2\/users\/1"}],"replies":[{"embeddable":true,"href":"http:\/\/culturaveracruz.gob.mx\/secver\/wp-json\/wp\/v2\/comments?post=1366"}],"version-history":[{"count":88,"href":"http:\/\/culturaveracruz.gob.mx\/secver\/wp-json\/wp\/v2\/pages\/1366\/revisions"}],"predecessor-version":[{"id":2008,"href":"http:\/\/culturaveracruz.gob.mx\/secver\/wp-json\/wp\/v2\/pages\/1366\/revisions\/2008"}],"wp:attachment":[{"href":"http:\/\/culturaveracruz.gob.mx\/secver\/wp-json\/wp\/v2\/media?parent=1366"}],"curies":[{"name":"wp","href":"https:\/\/api.w.org\/{rel}","templated":true}]}}