{"id":22,"date":"2025-07-24T18:56:26","date_gmt":"2025-07-24T18:56:26","guid":{"rendered":"http:\/\/culturaveracruz.gob.mx\/secver\/?page_id=22"},"modified":"2026-04-07T17:51:21","modified_gmt":"2026-04-07T17:51:21","slug":"directorio","status":"publish","type":"page","link":"http:\/\/culturaveracruz.gob.mx\/secver\/directorio\/","title":{"rendered":"DIRECTORIO"},"content":{"rendered":"\t\t<div data-elementor-type=\"wp-page\" data-elementor-id=\"22\" class=\"elementor elementor-22\">\n\t\t\t\t<div class=\"elementor-element elementor-element-be79f19 e-flex e-con-boxed e-con e-parent\" data-id=\"be79f19\" data-element_type=\"container\" data-e-type=\"container\" data-settings=\"{&quot;background_background&quot;:&quot;classic&quot;}\">\n\t\t\t\t\t<div class=\"e-con-inner\">\n\t\t\t\t<div class=\"elementor-element elementor-element-cfa0f8e elementor-widget elementor-widget-heading\" data-id=\"cfa0f8e\" data-element_type=\"widget\" data-e-type=\"widget\" data-widget_type=\"heading.default\">\n\t\t\t\t\t<h2 class=\"elementor-heading-title elementor-size-default\">DIRECTORIO<\/h2>\t\t\t\t<\/div>\n\t\t\t\t\t<\/div>\n\t\t\t\t<\/div>\n\t\t<div class=\"elementor-element elementor-element-08c3db1 e-flex e-con-boxed e-con e-parent\" data-id=\"08c3db1\" data-element_type=\"container\" data-e-type=\"container\">\n\t\t\t\t\t<div class=\"e-con-inner\">\n\t\t\t\t<div class=\"elementor-element elementor-element-cc13698 elementor-widget elementor-widget-n-accordion\" data-id=\"cc13698\" data-element_type=\"widget\" data-e-type=\"widget\" data-settings=\"{&quot;default_state&quot;:&quot;all_collapsed&quot;,&quot;max_items_expended&quot;:&quot;one&quot;,&quot;n_accordion_animation_duration&quot;:{&quot;unit&quot;:&quot;ms&quot;,&quot;size&quot;:400,&quot;sizes&quot;:[]}}\" data-widget_type=\"nested-accordion.default\">\n\t\t\t\t\t\t\t<div class=\"e-n-accordion\" aria-label=\"Accordion. Open links with Enter or Space, close with Escape, and navigate with Arrow Keys\">\n\t\t\t\t\t\t<details id=\"e-n-accordion-item-2130\" class=\"e-n-accordion-item\" >\n\t\t\t\t<summary class=\"e-n-accordion-item-title\" data-accordion-index=\"1\" tabindex=\"0\" aria-expanded=\"false\" aria-controls=\"e-n-accordion-item-2130\" >\n\t\t\t\t\t<span class='e-n-accordion-item-title-header'><div class=\"e-n-accordion-item-title-text\"> Secretar\u00eda de Cultura de veracruz <\/div><\/span>\n\t\t\t\t\t\t\t<span class='e-n-accordion-item-title-icon'>\n\t\t\t<span class='e-opened' ><svg aria-hidden=\"true\" class=\"e-font-icon-svg e-fas-minus\" viewBox=\"0 0 448 512\" xmlns=\"http:\/\/www.w3.org\/2000\/svg\"><path d=\"M416 208H32c-17.67 0-32 14.33-32 32v32c0 17.67 14.33 32 32 32h384c17.67 0 32-14.33 32-32v-32c0-17.67-14.33-32-32-32z\"><\/path><\/svg><\/span>\n\t\t\t<span class='e-closed'><svg aria-hidden=\"true\" class=\"e-font-icon-svg e-fas-plus\" viewBox=\"0 0 448 512\" xmlns=\"http:\/\/www.w3.org\/2000\/svg\"><path d=\"M416 208H272V64c0-17.67-14.33-32-32-32h-32c-17.67 0-32 14.33-32 32v144H32c-17.67 0-32 14.33-32 32v32c0 17.67 14.33 32 32 32h144v144c0 17.67 14.33 32 32 32h32c17.67 0 32-14.33 32-32V304h144c17.67 0 32-14.33 32-32v-32c0-17.67-14.33-32-32-32z\"><\/path><\/svg><\/span>\n\t\t<\/span>\n\n\t\t\t\t\t\t<\/summary>\n\t\t\t\t<div role=\"region\" aria-labelledby=\"e-n-accordion-item-2130\" class=\"elementor-element elementor-element-b8561ae e-con-full e-flex e-con e-child\" data-id=\"b8561ae\" data-element_type=\"container\" data-e-type=\"container\">\n\t\t<div role=\"region\" aria-labelledby=\"e-n-accordion-item-2130\" class=\"elementor-element elementor-element-bd2eea5 e-flex e-con-boxed e-con e-child\" data-id=\"bd2eea5\" data-element_type=\"container\" data-e-type=\"container\">\n\t\t\t\t\t<div class=\"e-con-inner\">\n\t\t\t\t<div class=\"elementor-element elementor-element-f51007a elementor-widget elementor-widget-text-editor\" data-id=\"f51007a\" data-element_type=\"widget\" data-e-type=\"widget\" data-widget_type=\"text-editor.default\">\n\t\t\t\t\t\t\t\t\t<p><strong role=\"term\">Mar\u00eda Xochitl Molina Gonz\u00e1lez | Secretaria de Cultura de Veracruz <br \/><\/strong><\/p><div role=\"definition\">Correo: xochitlmolina@culturaveracruz.gob.mx<\/div>\t\t\t\t\t\t\t\t<\/div>\n\t\t\t\t\t<\/div>\n\t\t\t\t<\/div>\n\t\t\t\t<\/div>\n\t\t\t\t\t<\/details>\n\t\t\t\t\t\t<details id=\"e-n-accordion-item-2131\" class=\"e-n-accordion-item\" >\n\t\t\t\t<summary class=\"e-n-accordion-item-title\" data-accordion-index=\"2\" tabindex=\"-1\" aria-expanded=\"false\" aria-controls=\"e-n-accordion-item-2131\" >\n\t\t\t\t\t<span class='e-n-accordion-item-title-header'><div class=\"e-n-accordion-item-title-text\"> Direcci\u00f3n Jur\u00eddica <\/div><\/span>\n\t\t\t\t\t\t\t<span class='e-n-accordion-item-title-icon'>\n\t\t\t<span class='e-opened' ><svg aria-hidden=\"true\" class=\"e-font-icon-svg e-fas-minus\" viewBox=\"0 0 448 512\" xmlns=\"http:\/\/www.w3.org\/2000\/svg\"><path d=\"M416 208H32c-17.67 0-32 14.33-32 32v32c0 17.67 14.33 32 32 32h384c17.67 0 32-14.33 32-32v-32c0-17.67-14.33-32-32-32z\"><\/path><\/svg><\/span>\n\t\t\t<span class='e-closed'><svg aria-hidden=\"true\" class=\"e-font-icon-svg e-fas-plus\" viewBox=\"0 0 448 512\" xmlns=\"http:\/\/www.w3.org\/2000\/svg\"><path d=\"M416 208H272V64c0-17.67-14.33-32-32-32h-32c-17.67 0-32 14.33-32 32v144H32c-17.67 0-32 14.33-32 32v32c0 17.67 14.33 32 32 32h144v144c0 17.67 14.33 32 32 32h32c17.67 0 32-14.33 32-32V304h144c17.67 0 32-14.33 32-32v-32c0-17.67-14.33-32-32-32z\"><\/path><\/svg><\/span>\n\t\t<\/span>\n\n\t\t\t\t\t\t<\/summary>\n\t\t\t\t<div role=\"region\" aria-labelledby=\"e-n-accordion-item-2131\" class=\"elementor-element elementor-element-d6a9ea6 e-con-full e-flex e-con e-child\" data-id=\"d6a9ea6\" data-element_type=\"container\" data-e-type=\"container\">\n\t\t<div role=\"region\" aria-labelledby=\"e-n-accordion-item-2131\" class=\"elementor-element elementor-element-eb0baf8 e-flex e-con-boxed e-con e-child\" data-id=\"eb0baf8\" data-element_type=\"container\" data-e-type=\"container\">\n\t\t\t\t\t<div class=\"e-con-inner\">\n\t\t\t\t<div class=\"elementor-element elementor-element-3de9540 elementor-widget elementor-widget-text-editor\" data-id=\"3de9540\" data-element_type=\"widget\" data-e-type=\"widget\" data-widget_type=\"text-editor.default\">\n\t\t\t\t\t\t\t\t\t<p><strong role=\"term\">Rodolfo Chena Rivas | Director Jur\u00eddico<br \/><\/strong><\/p><div role=\"definition\">Correo: rchena@culturaveracruz.gob.mx<\/div>\t\t\t\t\t\t\t\t<\/div>\n\t\t\t\t\t<\/div>\n\t\t\t\t<\/div>\n\t\t\t\t<\/div>\n\t\t\t\t\t<\/details>\n\t\t\t\t\t\t<details id=\"e-n-accordion-item-2132\" class=\"e-n-accordion-item\" >\n\t\t\t\t<summary class=\"e-n-accordion-item-title\" data-accordion-index=\"3\" tabindex=\"-1\" aria-expanded=\"false\" aria-controls=\"e-n-accordion-item-2132\" >\n\t\t\t\t\t<span class='e-n-accordion-item-title-header'><div class=\"e-n-accordion-item-title-text\"> Direcci\u00f3n de Artes y Patrimonio <\/div><\/span>\n\t\t\t\t\t\t\t<span class='e-n-accordion-item-title-icon'>\n\t\t\t<span class='e-opened' ><svg aria-hidden=\"true\" class=\"e-font-icon-svg e-fas-minus\" viewBox=\"0 0 448 512\" xmlns=\"http:\/\/www.w3.org\/2000\/svg\"><path d=\"M416 208H32c-17.67 0-32 14.33-32 32v32c0 17.67 14.33 32 32 32h384c17.67 0 32-14.33 32-32v-32c0-17.67-14.33-32-32-32z\"><\/path><\/svg><\/span>\n\t\t\t<span class='e-closed'><svg aria-hidden=\"true\" class=\"e-font-icon-svg e-fas-plus\" viewBox=\"0 0 448 512\" xmlns=\"http:\/\/www.w3.org\/2000\/svg\"><path d=\"M416 208H272V64c0-17.67-14.33-32-32-32h-32c-17.67 0-32 14.33-32 32v144H32c-17.67 0-32 14.33-32 32v32c0 17.67 14.33 32 32 32h144v144c0 17.67 14.33 32 32 32h32c17.67 0 32-14.33 32-32V304h144c17.67 0 32-14.33 32-32v-32c0-17.67-14.33-32-32-32z\"><\/path><\/svg><\/span>\n\t\t<\/span>\n\n\t\t\t\t\t\t<\/summary>\n\t\t\t\t<div role=\"region\" aria-labelledby=\"e-n-accordion-item-2132\" class=\"elementor-element elementor-element-67a869a e-con-full e-flex e-con e-child\" data-id=\"67a869a\" data-element_type=\"container\" data-e-type=\"container\">\n\t\t<div role=\"region\" aria-labelledby=\"e-n-accordion-item-2132\" class=\"elementor-element elementor-element-5029662 e-flex e-con-boxed e-con e-child\" data-id=\"5029662\" data-element_type=\"container\" data-e-type=\"container\">\n\t\t\t\t\t<div class=\"e-con-inner\">\n\t\t\t\t<div class=\"elementor-element elementor-element-db2cd4c elementor-widget elementor-widget-text-editor\" data-id=\"db2cd4c\" data-element_type=\"widget\" data-e-type=\"widget\" data-widget_type=\"text-editor.default\">\n\t\t\t\t\t\t\t\t\t<p><strong>Jessica Yonee Ram\u00edrez Bautista\u00a0 |<\/strong>\u00a0 <strong>Directora de Artes y Patrimonio<br \/><\/strong>Correo: dap@culturaveracruz.gob.mx<\/p>\t\t\t\t\t\t\t\t<\/div>\n\t\t\t\t\t<\/div>\n\t\t\t\t<\/div>\n\t\t\t\t<\/div>\n\t\t\t\t\t<\/details>\n\t\t\t\t\t\t<details id=\"e-n-accordion-item-2133\" class=\"e-n-accordion-item\" >\n\t\t\t\t<summary class=\"e-n-accordion-item-title\" data-accordion-index=\"4\" tabindex=\"-1\" aria-expanded=\"false\" aria-controls=\"e-n-accordion-item-2133\" >\n\t\t\t\t\t<span class='e-n-accordion-item-title-header'><div class=\"e-n-accordion-item-title-text\"> Direcci\u00f3n de Desarrollo Cultural Regional <\/div><\/span>\n\t\t\t\t\t\t\t<span class='e-n-accordion-item-title-icon'>\n\t\t\t<span class='e-opened' ><svg aria-hidden=\"true\" class=\"e-font-icon-svg e-fas-minus\" viewBox=\"0 0 448 512\" xmlns=\"http:\/\/www.w3.org\/2000\/svg\"><path d=\"M416 208H32c-17.67 0-32 14.33-32 32v32c0 17.67 14.33 32 32 32h384c17.67 0 32-14.33 32-32v-32c0-17.67-14.33-32-32-32z\"><\/path><\/svg><\/span>\n\t\t\t<span class='e-closed'><svg aria-hidden=\"true\" class=\"e-font-icon-svg e-fas-plus\" viewBox=\"0 0 448 512\" xmlns=\"http:\/\/www.w3.org\/2000\/svg\"><path d=\"M416 208H272V64c0-17.67-14.33-32-32-32h-32c-17.67 0-32 14.33-32 32v144H32c-17.67 0-32 14.33-32 32v32c0 17.67 14.33 32 32 32h144v144c0 17.67 14.33 32 32 32h32c17.67 0 32-14.33 32-32V304h144c17.67 0 32-14.33 32-32v-32c0-17.67-14.33-32-32-32z\"><\/path><\/svg><\/span>\n\t\t<\/span>\n\n\t\t\t\t\t\t<\/summary>\n\t\t\t\t<div role=\"region\" aria-labelledby=\"e-n-accordion-item-2133\" class=\"elementor-element elementor-element-e8ff46e e-flex e-con-boxed e-con e-child\" data-id=\"e8ff46e\" data-element_type=\"container\" data-e-type=\"container\">\n\t\t\t\t\t<div class=\"e-con-inner\">\n\t\t<div role=\"region\" aria-labelledby=\"e-n-accordion-item-2133\" class=\"elementor-element elementor-element-316837c e-con-full e-flex e-con e-child\" data-id=\"316837c\" data-element_type=\"container\" data-e-type=\"container\">\n\t\t\t\t<div class=\"elementor-element elementor-element-c716ab1 elementor-widget elementor-widget-text-editor\" data-id=\"c716ab1\" data-element_type=\"widget\" data-e-type=\"widget\" data-widget_type=\"text-editor.default\">\n\t\t\t\t\t\t\t\t\t<p><strong>Jorge Alberto Flores del Castillo\u00a0 |\u00a0 Director de Desarrollo Cultural Regional<\/strong><\/p><p>Correo: jaflores@culturaveracruz.gob.mx<\/p>\t\t\t\t\t\t\t\t<\/div>\n\t\t\t\t<\/div>\n\t\t\t\t\t<\/div>\n\t\t\t\t<\/div>\n\t\t\t\t\t<\/details>\n\t\t\t\t\t\t<details id=\"e-n-accordion-item-2134\" class=\"e-n-accordion-item\" >\n\t\t\t\t<summary class=\"e-n-accordion-item-title\" data-accordion-index=\"5\" tabindex=\"-1\" aria-expanded=\"false\" aria-controls=\"e-n-accordion-item-2134\" >\n\t\t\t\t\t<span class='e-n-accordion-item-title-header'><div class=\"e-n-accordion-item-title-text\"> Direcci\u00f3n de Formaci\u00f3n y Desarrollo Art\u00edstico <\/div><\/span>\n\t\t\t\t\t\t\t<span class='e-n-accordion-item-title-icon'>\n\t\t\t<span class='e-opened' ><svg aria-hidden=\"true\" class=\"e-font-icon-svg e-fas-minus\" viewBox=\"0 0 448 512\" xmlns=\"http:\/\/www.w3.org\/2000\/svg\"><path d=\"M416 208H32c-17.67 0-32 14.33-32 32v32c0 17.67 14.33 32 32 32h384c17.67 0 32-14.33 32-32v-32c0-17.67-14.33-32-32-32z\"><\/path><\/svg><\/span>\n\t\t\t<span class='e-closed'><svg aria-hidden=\"true\" class=\"e-font-icon-svg e-fas-plus\" viewBox=\"0 0 448 512\" xmlns=\"http:\/\/www.w3.org\/2000\/svg\"><path d=\"M416 208H272V64c0-17.67-14.33-32-32-32h-32c-17.67 0-32 14.33-32 32v144H32c-17.67 0-32 14.33-32 32v32c0 17.67 14.33 32 32 32h144v144c0 17.67 14.33 32 32 32h32c17.67 0 32-14.33 32-32V304h144c17.67 0 32-14.33 32-32v-32c0-17.67-14.33-32-32-32z\"><\/path><\/svg><\/span>\n\t\t<\/span>\n\n\t\t\t\t\t\t<\/summary>\n\t\t\t\t<div role=\"region\" aria-labelledby=\"e-n-accordion-item-2134\" class=\"elementor-element elementor-element-1251086 e-flex e-con-boxed e-con e-child\" data-id=\"1251086\" data-element_type=\"container\" data-e-type=\"container\">\n\t\t\t\t\t<div class=\"e-con-inner\">\n\t\t<div role=\"region\" aria-labelledby=\"e-n-accordion-item-2134\" class=\"elementor-element elementor-element-76aa0c1 e-con-full e-flex e-con e-child\" data-id=\"76aa0c1\" data-element_type=\"container\" data-e-type=\"container\">\n\t\t\t\t<div class=\"elementor-element elementor-element-028821f elementor-widget elementor-widget-text-editor\" data-id=\"028821f\" data-element_type=\"widget\" data-e-type=\"widget\" data-widget_type=\"text-editor.default\">\n\t\t\t\t\t\t\t\t\t<p><strong>Claudia Hern\u00e1ndez Gonz\u00e1lez\u00a0 \u00a0 |\u00a0 Directora de Formaci\u00f3n y Desarrollo Art\u00edstico<\/strong><\/p><p>Correo:\u00a0<\/p>\t\t\t\t\t\t\t\t<\/div>\n\t\t\t\t<\/div>\n\t\t\t\t\t<\/div>\n\t\t\t\t<\/div>\n\t\t\t\t\t<\/details>\n\t\t\t\t\t\t<details id=\"e-n-accordion-item-2135\" class=\"e-n-accordion-item\" >\n\t\t\t\t<summary class=\"e-n-accordion-item-title\" data-accordion-index=\"6\" tabindex=\"-1\" aria-expanded=\"false\" aria-controls=\"e-n-accordion-item-2135\" >\n\t\t\t\t\t<span class='e-n-accordion-item-title-header'><div class=\"e-n-accordion-item-title-text\"> Direcci\u00f3n de Planeaci\u00f3n y Vinculaci\u00f3n <\/div><\/span>\n\t\t\t\t\t\t\t<span class='e-n-accordion-item-title-icon'>\n\t\t\t<span class='e-opened' ><svg aria-hidden=\"true\" class=\"e-font-icon-svg e-fas-minus\" viewBox=\"0 0 448 512\" xmlns=\"http:\/\/www.w3.org\/2000\/svg\"><path d=\"M416 208H32c-17.67 0-32 14.33-32 32v32c0 17.67 14.33 32 32 32h384c17.67 0 32-14.33 32-32v-32c0-17.67-14.33-32-32-32z\"><\/path><\/svg><\/span>\n\t\t\t<span class='e-closed'><svg aria-hidden=\"true\" class=\"e-font-icon-svg e-fas-plus\" viewBox=\"0 0 448 512\" xmlns=\"http:\/\/www.w3.org\/2000\/svg\"><path d=\"M416 208H272V64c0-17.67-14.33-32-32-32h-32c-17.67 0-32 14.33-32 32v144H32c-17.67 0-32 14.33-32 32v32c0 17.67 14.33 32 32 32h144v144c0 17.67 14.33 32 32 32h32c17.67 0 32-14.33 32-32V304h144c17.67 0 32-14.33 32-32v-32c0-17.67-14.33-32-32-32z\"><\/path><\/svg><\/span>\n\t\t<\/span>\n\n\t\t\t\t\t\t<\/summary>\n\t\t\t\t<div role=\"region\" aria-labelledby=\"e-n-accordion-item-2135\" class=\"elementor-element elementor-element-413a287 e-flex e-con-boxed e-con e-child\" data-id=\"413a287\" data-element_type=\"container\" data-e-type=\"container\">\n\t\t\t\t\t<div class=\"e-con-inner\">\n\t\t<div role=\"region\" aria-labelledby=\"e-n-accordion-item-2135\" class=\"elementor-element elementor-element-a80fa35 e-con-full e-flex e-con e-child\" data-id=\"a80fa35\" data-element_type=\"container\" data-e-type=\"container\">\n\t\t\t\t<div class=\"elementor-element elementor-element-ecf86b8 elementor-widget elementor-widget-text-editor\" data-id=\"ecf86b8\" data-element_type=\"widget\" data-e-type=\"widget\" data-widget_type=\"text-editor.default\">\n\t\t\t\t\t\t\t\t\t<p><strong>Pedro de Jes\u00fas Jer\u00f3nimo Mateos\u00a0 |\u00a0 Director de Planeaci\u00f3n y Vinculaci\u00f3n<\/strong><\/p><p>Correo: pjjeronimo@culturaveracruz.gob.mx<\/p>\t\t\t\t\t\t\t\t<\/div>\n\t\t\t\t<\/div>\n\t\t\t\t\t<\/div>\n\t\t\t\t<\/div>\n\t\t\t\t\t<\/details>\n\t\t\t\t\t\t<details id=\"e-n-accordion-item-2136\" class=\"e-n-accordion-item\" >\n\t\t\t\t<summary class=\"e-n-accordion-item-title\" data-accordion-index=\"7\" tabindex=\"-1\" aria-expanded=\"false\" aria-controls=\"e-n-accordion-item-2136\" >\n\t\t\t\t\t<span class='e-n-accordion-item-title-header'><div class=\"e-n-accordion-item-title-text\"> Unidad Administrativa <\/div><\/span>\n\t\t\t\t\t\t\t<span class='e-n-accordion-item-title-icon'>\n\t\t\t<span class='e-opened' ><svg aria-hidden=\"true\" class=\"e-font-icon-svg e-fas-minus\" viewBox=\"0 0 448 512\" xmlns=\"http:\/\/www.w3.org\/2000\/svg\"><path d=\"M416 208H32c-17.67 0-32 14.33-32 32v32c0 17.67 14.33 32 32 32h384c17.67 0 32-14.33 32-32v-32c0-17.67-14.33-32-32-32z\"><\/path><\/svg><\/span>\n\t\t\t<span class='e-closed'><svg aria-hidden=\"true\" class=\"e-font-icon-svg e-fas-plus\" viewBox=\"0 0 448 512\" xmlns=\"http:\/\/www.w3.org\/2000\/svg\"><path d=\"M416 208H272V64c0-17.67-14.33-32-32-32h-32c-17.67 0-32 14.33-32 32v144H32c-17.67 0-32 14.33-32 32v32c0 17.67 14.33 32 32 32h144v144c0 17.67 14.33 32 32 32h32c17.67 0 32-14.33 32-32V304h144c17.67 0 32-14.33 32-32v-32c0-17.67-14.33-32-32-32z\"><\/path><\/svg><\/span>\n\t\t<\/span>\n\n\t\t\t\t\t\t<\/summary>\n\t\t\t\t<div role=\"region\" aria-labelledby=\"e-n-accordion-item-2136\" class=\"elementor-element elementor-element-08ab32f e-con-full e-flex e-con e-child\" data-id=\"08ab32f\" data-element_type=\"container\" data-e-type=\"container\">\n\t\t<div role=\"region\" aria-labelledby=\"e-n-accordion-item-2136\" class=\"elementor-element elementor-element-8e68328 e-flex e-con-boxed e-con e-child\" data-id=\"8e68328\" data-element_type=\"container\" data-e-type=\"container\">\n\t\t\t\t\t<div class=\"e-con-inner\">\n\t\t\t\t<div class=\"elementor-element elementor-element-7e7a674 elementor-widget elementor-widget-text-editor\" data-id=\"7e7a674\" data-element_type=\"widget\" data-e-type=\"widget\" data-widget_type=\"text-editor.default\">\n\t\t\t\t\t\t\t\t\t<p><strong role=\"term\">Rey David Manzanares Valenzuela | Jefe de la Unidad Admin<\/strong><strong role=\"term\">istrativa<\/strong><\/p><p>Correo: rdmanzanares@culturaveracruz.gob.mx<\/p>\t\t\t\t\t\t\t\t<\/div>\n\t\t\t\t\t<\/div>\n\t\t\t\t<\/div>\n\t\t\t\t<\/div>\n\t\t\t\t\t<\/details>\n\t\t\t\t\t\t<details id=\"e-n-accordion-item-2137\" class=\"e-n-accordion-item\" >\n\t\t\t\t<summary class=\"e-n-accordion-item-title\" data-accordion-index=\"8\" tabindex=\"-1\" aria-expanded=\"false\" aria-controls=\"e-n-accordion-item-2137\" >\n\t\t\t\t\t<span class='e-n-accordion-item-title-header'><div class=\"e-n-accordion-item-title-text\"> Unidad de Transparencia <\/div><\/span>\n\t\t\t\t\t\t\t<span class='e-n-accordion-item-title-icon'>\n\t\t\t<span class='e-opened' ><svg aria-hidden=\"true\" class=\"e-font-icon-svg e-fas-minus\" viewBox=\"0 0 448 512\" xmlns=\"http:\/\/www.w3.org\/2000\/svg\"><path d=\"M416 208H32c-17.67 0-32 14.33-32 32v32c0 17.67 14.33 32 32 32h384c17.67 0 32-14.33 32-32v-32c0-17.67-14.33-32-32-32z\"><\/path><\/svg><\/span>\n\t\t\t<span class='e-closed'><svg aria-hidden=\"true\" class=\"e-font-icon-svg e-fas-plus\" viewBox=\"0 0 448 512\" xmlns=\"http:\/\/www.w3.org\/2000\/svg\"><path d=\"M416 208H272V64c0-17.67-14.33-32-32-32h-32c-17.67 0-32 14.33-32 32v144H32c-17.67 0-32 14.33-32 32v32c0 17.67 14.33 32 32 32h144v144c0 17.67 14.33 32 32 32h32c17.67 0 32-14.33 32-32V304h144c17.67 0 32-14.33 32-32v-32c0-17.67-14.33-32-32-32z\"><\/path><\/svg><\/span>\n\t\t<\/span>\n\n\t\t\t\t\t\t<\/summary>\n\t\t\t\t<div role=\"region\" aria-labelledby=\"e-n-accordion-item-2137\" class=\"elementor-element elementor-element-6ecb706 e-con-full e-flex e-con e-child\" data-id=\"6ecb706\" data-element_type=\"container\" data-e-type=\"container\">\n\t\t<div role=\"region\" aria-labelledby=\"e-n-accordion-item-2137\" class=\"elementor-element elementor-element-e05a2b5 e-flex e-con-boxed e-con e-child\" data-id=\"e05a2b5\" data-element_type=\"container\" data-e-type=\"container\">\n\t\t\t\t\t<div class=\"e-con-inner\">\n\t\t\t\t<div class=\"elementor-element elementor-element-eddbbcc elementor-widget elementor-widget-text-editor\" data-id=\"eddbbcc\" data-element_type=\"widget\" data-e-type=\"widget\" data-widget_type=\"text-editor.default\">\n\t\t\t\t\t\t\t\t\t<p><strong role=\"term\">Elvira Garc\u00eda Mart\u00ednez | Jefa de la Unidad de Transparencia<\/strong><\/p><p>Correo: egarcia@culturaveracruz.gob.mx<\/p>\t\t\t\t\t\t\t\t<\/div>\n\t\t\t\t\t<\/div>\n\t\t\t\t<\/div>\n\t\t\t\t<\/div>\n\t\t\t\t\t<\/details>\n\t\t\t\t\t\t<details id=\"e-n-accordion-item-2138\" class=\"e-n-accordion-item\" >\n\t\t\t\t<summary class=\"e-n-accordion-item-title\" data-accordion-index=\"9\" tabindex=\"-1\" aria-expanded=\"false\" aria-controls=\"e-n-accordion-item-2138\" >\n\t\t\t\t\t<span class='e-n-accordion-item-title-header'><div class=\"e-n-accordion-item-title-text\"> Unidad de G\u00e9nero <\/div><\/span>\n\t\t\t\t\t\t\t<span class='e-n-accordion-item-title-icon'>\n\t\t\t<span class='e-opened' ><svg aria-hidden=\"true\" class=\"e-font-icon-svg e-fas-minus\" viewBox=\"0 0 448 512\" xmlns=\"http:\/\/www.w3.org\/2000\/svg\"><path d=\"M416 208H32c-17.67 0-32 14.33-32 32v32c0 17.67 14.33 32 32 32h384c17.67 0 32-14.33 32-32v-32c0-17.67-14.33-32-32-32z\"><\/path><\/svg><\/span>\n\t\t\t<span class='e-closed'><svg aria-hidden=\"true\" class=\"e-font-icon-svg e-fas-plus\" viewBox=\"0 0 448 512\" xmlns=\"http:\/\/www.w3.org\/2000\/svg\"><path d=\"M416 208H272V64c0-17.67-14.33-32-32-32h-32c-17.67 0-32 14.33-32 32v144H32c-17.67 0-32 14.33-32 32v32c0 17.67 14.33 32 32 32h144v144c0 17.67 14.33 32 32 32h32c17.67 0 32-14.33 32-32V304h144c17.67 0 32-14.33 32-32v-32c0-17.67-14.33-32-32-32z\"><\/path><\/svg><\/span>\n\t\t<\/span>\n\n\t\t\t\t\t\t<\/summary>\n\t\t\t\t<div role=\"region\" aria-labelledby=\"e-n-accordion-item-2138\" class=\"elementor-element elementor-element-2f972b6 e-con-full e-flex e-con e-child\" data-id=\"2f972b6\" data-element_type=\"container\" data-e-type=\"container\">\n\t\t<div role=\"region\" aria-labelledby=\"e-n-accordion-item-2138\" class=\"elementor-element elementor-element-75996a9 e-flex e-con-boxed e-con e-child\" data-id=\"75996a9\" data-element_type=\"container\" data-e-type=\"container\">\n\t\t\t\t\t<div class=\"e-con-inner\">\n\t\t\t\t<div class=\"elementor-element elementor-element-ed1a0d6 elementor-widget elementor-widget-text-editor\" data-id=\"ed1a0d6\" data-element_type=\"widget\" data-e-type=\"widget\" data-widget_type=\"text-editor.default\">\n\t\t\t\t\t\t\t\t\t<p><strong role=\"term\">Kasandra Pale Logan | Jefa de la Unidad de G\u00e9nero<\/strong><\/p><p>Correo: unidad.genero@culturaveracruz.gob.mx<\/p>\t\t\t\t\t\t\t\t<\/div>\n\t\t\t\t\t<\/div>\n\t\t\t\t<\/div>\n\t\t\t\t<\/div>\n\t\t\t\t\t<\/details>\n\t\t\t\t\t\t<details id=\"e-n-accordion-item-2139\" class=\"e-n-accordion-item\" >\n\t\t\t\t<summary class=\"e-n-accordion-item-title\" data-accordion-index=\"10\" tabindex=\"-1\" aria-expanded=\"false\" aria-controls=\"e-n-accordion-item-2139\" >\n\t\t\t\t\t<span class='e-n-accordion-item-title-header'><div class=\"e-n-accordion-item-title-text\"> Jefaturas de Recintos <\/div><\/span>\n\t\t\t\t\t\t\t<span class='e-n-accordion-item-title-icon'>\n\t\t\t<span class='e-opened' ><svg aria-hidden=\"true\" class=\"e-font-icon-svg e-fas-minus\" viewBox=\"0 0 448 512\" xmlns=\"http:\/\/www.w3.org\/2000\/svg\"><path d=\"M416 208H32c-17.67 0-32 14.33-32 32v32c0 17.67 14.33 32 32 32h384c17.67 0 32-14.33 32-32v-32c0-17.67-14.33-32-32-32z\"><\/path><\/svg><\/span>\n\t\t\t<span class='e-closed'><svg aria-hidden=\"true\" class=\"e-font-icon-svg e-fas-plus\" viewBox=\"0 0 448 512\" xmlns=\"http:\/\/www.w3.org\/2000\/svg\"><path d=\"M416 208H272V64c0-17.67-14.33-32-32-32h-32c-17.67 0-32 14.33-32 32v144H32c-17.67 0-32 14.33-32 32v32c0 17.67 14.33 32 32 32h144v144c0 17.67 14.33 32 32 32h32c17.67 0 32-14.33 32-32V304h144c17.67 0 32-14.33 32-32v-32c0-17.67-14.33-32-32-32z\"><\/path><\/svg><\/span>\n\t\t<\/span>\n\n\t\t\t\t\t\t<\/summary>\n\t\t\t\t<div role=\"region\" aria-labelledby=\"e-n-accordion-item-2139\" class=\"elementor-element elementor-element-93a5f67 e-flex e-con-boxed e-con e-child\" data-id=\"93a5f67\" data-element_type=\"container\" data-e-type=\"container\">\n\t\t\t\t\t<div class=\"e-con-inner\">\n\t\t<div role=\"region\" aria-labelledby=\"e-n-accordion-item-2139\" class=\"elementor-element elementor-element-691458d e-con-full e-flex e-con e-child\" data-id=\"691458d\" data-element_type=\"container\" data-e-type=\"container\">\n\t\t\t\t<div class=\"elementor-element elementor-element-a437991 e-n-tabs-mobile elementor-widget elementor-widget-n-tabs\" data-id=\"a437991\" data-element_type=\"widget\" data-e-type=\"widget\" data-settings=\"{&quot;horizontal_scroll&quot;:&quot;disable&quot;}\" data-widget_type=\"nested-tabs.default\">\n\t\t\t\t\t\t\t<div class=\"e-n-tabs\" data-widget-number=\"172194193\" aria-label=\"Pesta\u00f1as. Abre elementos con Intro o Espacio, ci\u00e9rralos con Escape y navega con las fechas.\">\n\t\t\t<div class=\"e-n-tabs-heading\" role=\"tablist\">\n\t\t\t\t\t<button id=\"e-n-tab-title-1721941931\" data-tab-title-id=\"e-n-tab-title-1721941931\" class=\"e-n-tab-title\" aria-selected=\"true\" data-tab-index=\"1\" role=\"tab\" tabindex=\"0\" aria-controls=\"e-n-tab-content-1721941931\" style=\"--n-tabs-title-order: 1;\">\n\t\t\t\t\t\t<span class=\"e-n-tab-title-text\">\n\t\t\t\tVeracruz\t\t\t<\/span>\n\t\t<\/button>\n\t\t\t\t<button id=\"e-n-tab-title-1721941932\" data-tab-title-id=\"e-n-tab-title-1721941932\" class=\"e-n-tab-title\" aria-selected=\"false\" data-tab-index=\"2\" role=\"tab\" tabindex=\"-1\" aria-controls=\"e-n-tab-content-1721941932\" style=\"--n-tabs-title-order: 2;\">\n\t\t\t\t\t\t<span class=\"e-n-tab-title-text\">\n\t\t\t\tXalapa\t\t\t<\/span>\n\t\t<\/button>\n\t\t\t\t<button id=\"e-n-tab-title-1721941933\" data-tab-title-id=\"e-n-tab-title-1721941933\" class=\"e-n-tab-title\" aria-selected=\"false\" data-tab-index=\"3\" role=\"tab\" tabindex=\"-1\" aria-controls=\"e-n-tab-content-1721941933\" style=\"--n-tabs-title-order: 3;\">\n\t\t\t\t\t\t<span class=\"e-n-tab-title-text\">\n\t\t\t\tCoatepec\t\t\t<\/span>\n\t\t<\/button>\n\t\t\t\t<button id=\"e-n-tab-title-1721941934\" data-tab-title-id=\"e-n-tab-title-1721941934\" class=\"e-n-tab-title\" aria-selected=\"false\" data-tab-index=\"4\" role=\"tab\" tabindex=\"-1\" aria-controls=\"e-n-tab-content-1721941934\" style=\"--n-tabs-title-order: 4;\">\n\t\t\t\t\t\t<span class=\"e-n-tab-title-text\">\n\t\t\t\tOrizaba\t\t\t<\/span>\n\t\t<\/button>\n\t\t\t\t<button id=\"e-n-tab-title-1721941935\" data-tab-title-id=\"e-n-tab-title-1721941935\" class=\"e-n-tab-title\" aria-selected=\"false\" data-tab-index=\"5\" role=\"tab\" tabindex=\"-1\" aria-controls=\"e-n-tab-content-1721941935\" style=\"--n-tabs-title-order: 5;\">\n\t\t\t\t\t\t<span class=\"e-n-tab-title-text\">\n\t\t\t\tHuatusco\t\t\t<\/span>\n\t\t<\/button>\n\t\t\t\t<button id=\"e-n-tab-title-1721941936\" data-tab-title-id=\"e-n-tab-title-1721941936\" class=\"e-n-tab-title\" aria-selected=\"false\" data-tab-index=\"6\" role=\"tab\" tabindex=\"-1\" aria-controls=\"e-n-tab-content-1721941936\" style=\"--n-tabs-title-order: 6;\">\n\t\t\t\t\t\t<span class=\"e-n-tab-title-text\">\n\t\t\t\tPapantla\t\t\t<\/span>\n\t\t<\/button>\n\t\t\t\t<button id=\"e-n-tab-title-1721941937\" data-tab-title-id=\"e-n-tab-title-1721941937\" class=\"e-n-tab-title\" aria-selected=\"false\" data-tab-index=\"7\" role=\"tab\" tabindex=\"-1\" aria-controls=\"e-n-tab-content-1721941937\" style=\"--n-tabs-title-order: 7;\">\n\t\t\t\t\t\t<span class=\"e-n-tab-title-text\">\n\t\t\t\tTlacotalpan\t\t\t<\/span>\n\t\t<\/button>\n\t\t\t\t\t<\/div>\n\t\t\t<div class=\"e-n-tabs-content\">\n\t\t\t\t<div role=\"region tabpanel\" aria-labelledby=\"e-n-accordion-item-2139 e-n-tab-title-1721941931\" id=\"e-n-tab-content-1721941931\" data-tab-index=\"1\" style=\"--n-tabs-title-order: 1;\" class=\"e-active elementor-element elementor-element-4117ec0 e-con-full e-flex e-con e-child\" data-id=\"4117ec0\" data-element_type=\"container\" data-e-type=\"container\">\n\t\t<div role=\"region\" aria-labelledby=\"e-n-accordion-item-2139\" class=\"elementor-element elementor-element-264c0e5 e-flex e-con-boxed e-con e-child\" data-id=\"264c0e5\" data-element_type=\"container\" data-e-type=\"container\">\n\t\t\t\t\t<div class=\"e-con-inner\">\n\t\t\t\t<div class=\"elementor-element elementor-element-07d826b elementor-widget__width-inherit elementor-widget elementor-widget-text-editor\" data-id=\"07d826b\" data-element_type=\"widget\" data-e-type=\"widget\" data-widget_type=\"text-editor.default\">\n\t\t\t\t\t\t\t\t\t<p style=\"text-align: center;\"><strong><span style=\"color: #808080;\">Margarita Pe\u00f1a Pineda | Centro Cultural Exconvento Betlehemita<\/span><\/strong><br \/><span style=\"color: #808080;\">Tel. 229 931 6994 Ext. 210 | Correo: <a style=\"color: #808080;\" href=\"mailto:ccbetlehemita@culturaveracruz.gob.mx\">ccbetlehemita@culturaveracruz.gob.mx<\/a>\u00a0\u00a0\u00a0\u00a0<\/span><\/p><p style=\"text-align: center;\"><span style=\"color: #808080;\"><strong>Daniel Galindo Sosa | Centro Cultural Atarazanas<\/strong><br \/><\/span><span style=\"color: #808080;\">Tel. 229 932 8921 | Correo: <a style=\"color: #808080;\" href=\"mailto:atarazanas@culturaveracruz.gob.mx\">atarazanas@culturaveracruz.gob.mx<\/a><\/span><\/p><p style=\"text-align: center;\"><span style=\"color: #808080;\"><strong>Emanuel Lerma Soto | Casa Museo Agust\u00edn Lara<\/strong><br \/><\/span><span style=\"color: #808080;\">Tel. 229 937 0209 | Correo: <a style=\"color: #808080;\" href=\"mailto:cmalara@culturaveracruz.gob.mx\">cmalara@culturaveracruz.gob.mx<\/a><\/span><\/p><p style=\"text-align: center;\"><span style=\"color: #808080;\"><strong>C\u00e9sar Segura G\u00f3mez | Centro Cultural Casa Principal<\/strong><br \/><\/span><span style=\"color: #808080;\">Tel. 229 932 6931 | Correo: <a style=\"color: #808080;\" href=\"mailto:casaprincipal@culturaveracruz.gob.mx\">casaprincipal@culturaveracruz.gob.mx<\/a><\/span><\/p><p style=\"text-align: center;\"><span style=\"color: #808080;\"><strong>Ivonne Moreno Uscanga | Fototeca de Veracruz<\/strong><br \/><\/span><span style=\"color: #808080;\">Tel. 229 932 8767 | Correo: <a style=\"color: #808080;\" href=\"mailto:fototeca@culturaveracruz.gob.mx\">fototeca@culturaveracruz.gob.mx<\/a><\/span><\/p><p style=\"text-align: center;\"><span style=\"color: #808080;\"><strong>Vanessa Rica\u00f1o Fuentes | Teatro de la Reforma<\/strong><br \/><\/span><span style=\"color: #808080;\">Tel. 229 931 7999 | Correo: <a style=\"color: #808080;\" href=\"mailto:teatroreforma@culturaveracruz.gob.mx\">teatroreforma@culturaveracruz.gob.mx<\/a><\/span><\/p><p style=\"text-align: center;\"><span style=\"color: #808080;\"><strong>Miguel \u00c1ngel Zamudio Abdal\u00e1 | Centro Veracruzano de las Artes \u201cHugo Arg\u00fcelles\u201d<\/strong><br \/><\/span><span style=\"color: #808080;\">Tel. 229 932 1332 | Correo: <a style=\"color: #808080;\" href=\"mailto:cevart@culturaveracruz.gob.mx\">cevart@culturaveracruz.gob.mx<\/a><\/span><\/p>\t\t\t\t\t\t\t\t<\/div>\n\t\t\t\t\t<\/div>\n\t\t\t\t<\/div>\n\t\t\t\t<\/div>\n\t\t<div role=\"region tabpanel\" aria-labelledby=\"e-n-accordion-item-2139 e-n-tab-title-1721941932\" id=\"e-n-tab-content-1721941932\" data-tab-index=\"2\" style=\"--n-tabs-title-order: 2;\" class=\" elementor-element elementor-element-168689e e-con-full e-flex e-con e-child\" data-id=\"168689e\" data-element_type=\"container\" data-e-type=\"container\">\n\t\t<div role=\"region\" aria-labelledby=\"e-n-accordion-item-2139\" class=\"elementor-element elementor-element-1fd4c9d e-con-full e-flex e-con e-child\" data-id=\"1fd4c9d\" data-element_type=\"container\" data-e-type=\"container\">\n\t\t\t\t<div class=\"elementor-element elementor-element-2e08d4f elementor-widget__width-inherit elementor-widget elementor-widget-text-editor\" data-id=\"2e08d4f\" data-element_type=\"widget\" data-e-type=\"widget\" data-widget_type=\"text-editor.default\">\n\t\t\t\t\t\t\t\t\t<p style=\"text-align: center;\"><span style=\"color: #808080;\"><strong>Andr\u00e9s Emmanuel Barojas Flores | Galer\u00eda de Arte Contempor\u00e1neo de Xalapa<\/strong><br \/><\/span><span style=\"color: #808080;\">Tel. 228 817 0386 | Correo: <a style=\"color: #808080;\" href=\"mailto:gacx@culturalveracruz.gob.mx\">gacx@culturalveracruz.gob.mx<\/a><\/span><\/p><p style=\"text-align: center;\"><span style=\"color: #808080;\"><strong>Alejandra Aguilar Olivares | Jard\u00edn de las Esculturas de Xalapa<\/strong><br \/><\/span><span style=\"color: #808080;\">Tel. 228 813 7753 | Correo: <a style=\"color: #808080;\" href=\"mailto:jefaturajex@culturaveracruz.gob.mx\">jefaturajex@culturaveracruz.gob.mx<\/a><\/span><\/p><p style=\"text-align: center;\"><span style=\"color: #808080;\"><strong>Rodolfo Salmer\u00f3n Guti\u00e9rrez | Pinacoteca Diego Rivera<\/strong><br \/><\/span><span style=\"color: #808080;\">Tel. 228 818 1819 | Correo: <a style=\"color: #808080;\" href=\"mailto:pinacoteca@culturaveracruz.gob.mx\">pinacoteca@culturaveracruz.gob.mx<\/a><\/span><\/p><p style=\"text-align: center;\"><span style=\"color: #808080;\"><strong>Manuel M\u00e9ndez Avenda\u00f1o | Teatro del Estado General Ignacio de la Llave<\/strong><br \/><\/span><span style=\"color: #808080;\">Tel. 228 812 3836 | Correo: <a style=\"color: #808080;\" href=\"mailto:teatroestado@culturaveracruz.gob.mx\">teatroestado@culturaveracruz.gob.mx<\/a><\/span><\/p><p style=\"text-align: center;\"><span style=\"color: #808080;\"><strong>Mar\u00eda del Carmen Verdugo Reyes | \u00c1gora de la Ciudad<\/strong><br \/><\/span><span style=\"color: #808080;\">Tel. 228 818 5730 | Correo: <a style=\"color: #808080;\" href=\"mailto:agoraciudad@culturaveracruz.gob.mx\">agoraciudad@culturaveracruz.gob.mx<\/a><\/span><\/p>\t\t\t\t\t\t\t\t<\/div>\n\t\t\t\t<\/div>\n\t\t\t\t<\/div>\n\t\t<div role=\"region tabpanel\" aria-labelledby=\"e-n-accordion-item-2139 e-n-tab-title-1721941933\" id=\"e-n-tab-content-1721941933\" data-tab-index=\"3\" style=\"--n-tabs-title-order: 3;\" class=\" elementor-element elementor-element-c550172 e-con-full e-flex e-con e-child\" data-id=\"c550172\" data-element_type=\"container\" data-e-type=\"container\">\n\t\t<div role=\"region\" aria-labelledby=\"e-n-accordion-item-2139\" class=\"elementor-element elementor-element-a4292f3 e-flex e-con-boxed e-con e-child\" data-id=\"a4292f3\" data-element_type=\"container\" data-e-type=\"container\">\n\t\t\t\t\t<div class=\"e-con-inner\">\n\t\t\t\t<div class=\"elementor-element elementor-element-f151a45 elementor-widget__width-inherit elementor-widget elementor-widget-text-editor\" data-id=\"f151a45\" data-element_type=\"widget\" data-e-type=\"widget\" data-widget_type=\"text-editor.default\">\n\t\t\t\t\t\t\t\t\t<p style=\"text-align: center;\"><strong><span style=\"color: #808080;\">Josafat Parada Ortega | Centro Cultural de Coatepec<\/span><\/strong><br \/><span style=\"color: #808080;\">Tel. 228 816 6757 | Correo: <a style=\"color: #808080;\" href=\"mailto:cccoatepec@culturaveracruz.gob.mx\">cccoatepec@culturaveracruz.gob.mx<\/a><\/span><\/p>\t\t\t\t\t\t\t\t<\/div>\n\t\t\t\t\t<\/div>\n\t\t\t\t<\/div>\n\t\t\t\t<\/div>\n\t\t<div role=\"region tabpanel\" aria-labelledby=\"e-n-accordion-item-2139 e-n-tab-title-1721941934\" id=\"e-n-tab-content-1721941934\" data-tab-index=\"4\" style=\"--n-tabs-title-order: 4;\" class=\" elementor-element elementor-element-5bb16b3 e-con-full e-flex e-con e-child\" data-id=\"5bb16b3\" data-element_type=\"container\" data-e-type=\"container\">\n\t\t<div role=\"region\" aria-labelledby=\"e-n-accordion-item-2139\" class=\"elementor-element elementor-element-0e2ec09 e-flex e-con-boxed e-con e-child\" data-id=\"0e2ec09\" data-element_type=\"container\" data-e-type=\"container\">\n\t\t\t\t\t<div class=\"e-con-inner\">\n\t\t\t\t<div class=\"elementor-element elementor-element-306fc1f elementor-widget__width-inherit elementor-widget elementor-widget-text-editor\" data-id=\"306fc1f\" data-element_type=\"widget\" data-e-type=\"widget\" data-widget_type=\"text-editor.default\">\n\t\t\t\t\t\t\t\t\t<p style=\"text-align: center;\"><span style=\"color: #808080;\"><strong>Roxana Arredondo Tapia | Museo de Arte del Estado de Veracruz<\/strong><br \/><\/span><span style=\"color: #808080;\">Tel. 272 724 3200 | Correo: <a style=\"color: #808080;\" href=\"mailto:maev@culturaveracruz.gob.mx\">maev@culturaveracruz.gob.mx<\/a><\/span><\/p>\t\t\t\t\t\t\t\t<\/div>\n\t\t\t\t\t<\/div>\n\t\t\t\t<\/div>\n\t\t\t\t<\/div>\n\t\t<div role=\"region tabpanel\" aria-labelledby=\"e-n-accordion-item-2139 e-n-tab-title-1721941935\" id=\"e-n-tab-content-1721941935\" data-tab-index=\"5\" style=\"--n-tabs-title-order: 5;\" class=\" elementor-element elementor-element-1628a34 e-con-full e-flex e-con e-child\" data-id=\"1628a34\" data-element_type=\"container\" data-e-type=\"container\">\n\t\t<div role=\"region\" aria-labelledby=\"e-n-accordion-item-2139\" class=\"elementor-element elementor-element-5402b22 e-flex e-con-boxed e-con e-child\" data-id=\"5402b22\" data-element_type=\"container\" data-e-type=\"container\">\n\t\t\t\t\t<div class=\"e-con-inner\">\n\t\t\t\t<div class=\"elementor-element elementor-element-d79ee58 elementor-widget__width-inherit elementor-widget elementor-widget-text-editor\" data-id=\"d79ee58\" data-element_type=\"widget\" data-e-type=\"widget\" data-widget_type=\"text-editor.default\">\n\t\t\t\t\t\t\t\t\t<p style=\"text-align: center;\"><strong><span style=\"color: #808080;\">Cynthia Karina Aguilar Garc\u00eda | Casa Museo Guillermo Landa<\/span><\/strong><br \/><span style=\"color: #808080;\">Tel. 273 734 0667 | Correo: <a style=\"color: #808080;\" href=\"mailto:cmguillermolanda@culturaveracruz.gob.mx\">cmguillermolanda@culturaveracruz.gob.mx<\/a><\/span><\/p>\t\t\t\t\t\t\t\t<\/div>\n\t\t\t\t\t<\/div>\n\t\t\t\t<\/div>\n\t\t\t\t<\/div>\n\t\t<div role=\"region tabpanel\" aria-labelledby=\"e-n-accordion-item-2139 e-n-tab-title-1721941936\" id=\"e-n-tab-content-1721941936\" data-tab-index=\"6\" style=\"--n-tabs-title-order: 6;\" class=\" elementor-element elementor-element-bc14a93 e-con-full e-flex e-con e-child\" data-id=\"bc14a93\" data-element_type=\"container\" data-e-type=\"container\">\n\t\t<div role=\"region\" aria-labelledby=\"e-n-accordion-item-2139\" class=\"elementor-element elementor-element-b309a9b e-flex e-con-boxed e-con e-child\" data-id=\"b309a9b\" data-element_type=\"container\" data-e-type=\"container\">\n\t\t\t\t\t<div class=\"e-con-inner\">\n\t\t\t\t<div class=\"elementor-element elementor-element-6a6a98e elementor-widget__width-inherit elementor-widget elementor-widget-text-editor\" data-id=\"6a6a98e\" data-element_type=\"widget\" data-e-type=\"widget\" data-widget_type=\"text-editor.default\">\n\t\t\t\t\t\t\t\t\t<p style=\"text-align: center;\"><strong><span style=\"color: #808080;\">Desiderio Mu\u00f1oz Fern\u00e1ndez | Museo Teodoro Cano<\/span><\/strong><br \/><span style=\"color: #808080;\">Tel. 782 114 6211 | Correo: <a style=\"color: #808080;\" href=\"mailto:mteodorocano@culturaveracruz.gob.mx\">mteodorocano@culturaveracruz.gob.mx<\/a><\/span><\/p>\t\t\t\t\t\t\t\t<\/div>\n\t\t\t\t\t<\/div>\n\t\t\t\t<\/div>\n\t\t\t\t<\/div>\n\t\t<div role=\"region tabpanel\" aria-labelledby=\"e-n-accordion-item-2139 e-n-tab-title-1721941937\" id=\"e-n-tab-content-1721941937\" data-tab-index=\"7\" style=\"--n-tabs-title-order: 7;\" class=\" elementor-element elementor-element-8d32df0 e-con-full e-flex e-con e-child\" data-id=\"8d32df0\" data-element_type=\"container\" data-e-type=\"container\">\n\t\t<div role=\"region\" aria-labelledby=\"e-n-accordion-item-2139\" class=\"elementor-element elementor-element-7061607 e-flex e-con-boxed e-con e-child\" data-id=\"7061607\" data-element_type=\"container\" data-e-type=\"container\">\n\t\t\t\t\t<div class=\"e-con-inner\">\n\t\t\t\t<div class=\"elementor-element elementor-element-7aa55fa elementor-widget__width-inherit elementor-widget elementor-widget-text-editor\" data-id=\"7aa55fa\" data-element_type=\"widget\" data-e-type=\"widget\" data-widget_type=\"text-editor.default\">\n\t\t\t\t\t\t\t\t\t<p style=\"text-align: center;\"><span style=\"color: #808080;\"><strong>Iyadira Dom\u00ednguez Rico | Centro Cultural del Sotavento<\/strong><\/span><br \/><span style=\"color: #808080;\">Tel. 288 690 6537 | Correo: <a style=\"color: #808080;\" href=\"mailto:ccsotavento@culturaveracruz.gob.mx\">ccsotavento@culturaveracruz.gob.mx<\/a><\/span><\/p>\t\t\t\t\t\t\t\t<\/div>\n\t\t\t\t\t<\/div>\n\t\t\t\t<\/div>\n\t\t\t\t<\/div>\n\t\t\t\t\t<\/div>\n\t\t<\/div>\n\t\t\t\t\t\t<\/div>\n\t\t\t\t<\/div>\n\t\t\t\t\t<\/div>\n\t\t\t\t<\/div>\n\t\t\t\t\t<\/details>\n\t\t\t\t\t<\/div>\n\t\t\t\t\t\t<\/div>\n\t\t\t\t\t<\/div>\n\t\t\t\t<\/div>\n\t\t\t\t<\/div>\n\t\t","protected":false},"excerpt":{"rendered":"<p>DIRECTORIO Secretar\u00eda de Cultura de veracruz Mar\u00eda Xochitl Molina Gonz\u00e1lez | Secretaria de Cultura de Veracruz Correo: xochitlmolina@culturaveracruz.gob.mx Direcci\u00f3n Jur\u00eddica Rodolfo Chena Rivas | Director Jur\u00eddico Correo: rchena@culturaveracruz.gob.mx Direcci\u00f3n de Artes y Patrimonio Jessica Yonee Ram\u00edrez Bautista\u00a0 |\u00a0 Directora de Artes y PatrimonioCorreo: dap@culturaveracruz.gob.mx Direcci\u00f3n de Desarrollo Cultural Regional Jorge Alberto Flores del Castillo\u00a0 |\u00a0&hellip;&nbsp;<\/p>\n","protected":false},"author":1,"featured_media":0,"parent":0,"menu_order":0,"comment_status":"closed","ping_status":"closed","template":"page-templates\/template-pagebuilder-full-width.php","meta":{"neve_meta_sidebar":"","neve_meta_container":"","neve_meta_enable_content_width":"on","neve_meta_content_width":100,"neve_meta_title_alignment":"","neve_meta_author_avatar":"","neve_post_elements_order":"","neve_meta_disable_header":"","neve_meta_disable_footer":"","neve_meta_disable_title":"on","footnotes":""},"class_list":["post-22","page","type-page","status-publish","hentry"],"_links":{"self":[{"href":"http:\/\/culturaveracruz.gob.mx\/secver\/wp-json\/wp\/v2\/pages\/22","targetHints":{"allow":["GET"]}}],"collection":[{"href":"http:\/\/culturaveracruz.gob.mx\/secver\/wp-json\/wp\/v2\/pages"}],"about":[{"href":"http:\/\/culturaveracruz.gob.mx\/secver\/wp-json\/wp\/v2\/types\/page"}],"author":[{"embeddable":true,"href":"http:\/\/culturaveracruz.gob.mx\/secver\/wp-json\/wp\/v2\/users\/1"}],"replies":[{"embeddable":true,"href":"http:\/\/culturaveracruz.gob.mx\/secver\/wp-json\/wp\/v2\/comments?post=22"}],"version-history":[{"count":212,"href":"http:\/\/culturaveracruz.gob.mx\/secver\/wp-json\/wp\/v2\/pages\/22\/revisions"}],"predecessor-version":[{"id":2119,"href":"http:\/\/culturaveracruz.gob.mx\/secver\/wp-json\/wp\/v2\/pages\/22\/revisions\/2119"}],"wp:attachment":[{"href":"http:\/\/culturaveracruz.gob.mx\/secver\/wp-json\/wp\/v2\/media?parent=22"}],"curies":[{"name":"wp","href":"https:\/\/api.w.org\/{rel}","templated":true}]}}