{"id":1630,"date":"2025-12-05T23:18:59","date_gmt":"2025-12-05T23:18:59","guid":{"rendered":"http:\/\/culturaveracruz.gob.mx\/secver\/?page_id=1630"},"modified":"2026-04-07T16:06:58","modified_gmt":"2026-04-07T16:06:58","slug":"inicio","status":"publish","type":"page","link":"https:\/\/culturaveracruz.gob.mx\/secver\/","title":{"rendered":"INICIO"},"content":{"rendered":"\t\t<div data-elementor-type=\"wp-page\" data-elementor-id=\"1630\" class=\"elementor elementor-1630\">\n\t\t\t\t<div class=\"elementor-element elementor-element-3465b47 e-flex e-con-boxed e-con e-parent\" data-id=\"3465b47\" data-element_type=\"container\" data-e-type=\"container\">\n\t\t\t\t\t<div class=\"e-con-inner\">\n\t\t\t\t<div class=\"elementor-element elementor-element-427edc77 elementor-widget elementor-widget-heading\" data-id=\"427edc77\" data-element_type=\"widget\" data-e-type=\"widget\" data-widget_type=\"heading.default\">\n\t\t\t\t\t<h2 class=\"elementor-heading-title elementor-size-default\">CARTELERA<\/h2>\t\t\t\t<\/div>\n\t\t\t\t\t<\/div>\n\t\t\t\t<\/div>\n\t\t<div class=\"elementor-element elementor-element-377ac59e e-flex e-con-boxed e-con e-parent\" data-id=\"377ac59e\" data-element_type=\"container\" data-e-type=\"container\" data-settings=\"{&quot;background_background&quot;:&quot;slideshow&quot;,&quot;background_slideshow_gallery&quot;:[],&quot;background_slideshow_loop&quot;:&quot;yes&quot;,&quot;background_slideshow_slide_duration&quot;:5000,&quot;background_slideshow_slide_transition&quot;:&quot;fade&quot;,&quot;background_slideshow_transition_duration&quot;:500}\">\n\t\t\t\t\t<div class=\"e-con-inner\">\n\t\t<div class=\"elementor-element elementor-element-6249726d e-con-full e-flex e-con e-child\" data-id=\"6249726d\" data-element_type=\"container\" data-e-type=\"container\">\n\t\t\t\t<div class=\"elementor-element elementor-element-a0d9af0 elementor-widget elementor-widget-shortcode\" data-id=\"a0d9af0\" data-element_type=\"widget\" data-e-type=\"widget\" data-widget_type=\"shortcode.default\">\n\t\t\t\t\t\t\t<div class=\"elementor-shortcode\"><\/div>\n\t\t\t\t\t\t<\/div>\n\t\t\t\t<\/div>\n\t\t<div class=\"elementor-element elementor-element-657c4518 e-con-full e-flex e-con e-child\" data-id=\"657c4518\" data-element_type=\"container\" data-e-type=\"container\">\n\t\t\t\t<div class=\"elementor-element elementor-element-377eaec elementor-widget elementor-widget-wp-widget-fbw_id\" data-id=\"377eaec\" data-element_type=\"widget\" data-e-type=\"widget\" data-widget_type=\"wp-widget-fbw_id.default\">\n\t\t\t\t<div class=\"elementor-widget-container\">\n\t\t\t\t\t        <div class=\"fb-widget-container\" style=\"position: relative; min-height: 500px;\">\n            <div class=\"fb_loader\" style=\"text-align: center !important;\">\n                <img decoding=\"async\" src=\"https:\/\/culturaveracruz.gob.mx\/secver\/wp-content\/plugins\/facebook-pagelike-widget\/assets\/images\/loader.gif\" alt=\"Loading...\" \/>\n            <\/div>\n\n            <div id=\"fb-root\"><\/div>\n            <div class=\"fb-page\"\n                data-href=\"https:\/\/www.facebook.com\/SECVERoficial?ref=embed_page\"\n                data-width=\"300\"\n                data-height=\"500\"\n                data-small-header=\"false\"\n                data-adapt-container-width=\"true\"\n                data-hide-cover=\"false\"\n                data-show-facepile=\"true\"\n                data-tabs=\"timeline\"\n                data-lazy=\"false\"\n                data-xfbml-parse-ignore=\"false\">\n            <\/div>\n        <\/div>\n        \t\t\t\t<\/div>\n\t\t\t\t<\/div>\n\t\t\t\t<\/div>\n\t\t\t\t\t<\/div>\n\t\t\t\t<\/div>\n\t\t<div class=\"elementor-element elementor-element-c5f06c9 e-flex e-con-boxed e-con e-parent\" data-id=\"c5f06c9\" data-element_type=\"container\" data-e-type=\"container\">\n\t\t\t\t\t<div class=\"e-con-inner\">\n\t\t\t\t<div class=\"elementor-element elementor-element-c28d798 elementor-widget elementor-widget-heading\" data-id=\"c28d798\" data-element_type=\"widget\" data-e-type=\"widget\" data-widget_type=\"heading.default\">\n\t\t\t\t\t<h2 class=\"elementor-heading-title elementor-size-default\">DIFUSI\u00d3N<\/h2>\t\t\t\t<\/div>\n\t\t\t\t\t<\/div>\n\t\t\t\t<\/div>\n\t\t<div class=\"elementor-element elementor-element-005d048 e-grid e-con-boxed e-con e-parent\" data-id=\"005d048\" data-element_type=\"container\" data-e-type=\"container\">\n\t\t\t\t\t<div class=\"e-con-inner\">\n\t\t\t\t<div class=\"elementor-element elementor-element-8a28501 elementor-widget elementor-widget-html\" data-id=\"8a28501\" data-element_type=\"widget\" data-e-type=\"widget\" data-widget_type=\"html.default\">\n\t\t\t\t\t<iframe src=\"https:\/\/www.facebook.com\/plugins\/video.php?height=312&href=https%3A%2F%2Fwww.facebook.com%2Freel%2F1620966299100822%2F&show_text=true&width=560&t=0\" width=\"560\" height=\"427\" style=\"border:none;overflow:hidden\" scrolling=\"no\" frameborder=\"0\" allowfullscreen=\"true\" allow=\"autoplay; clipboard-write; encrypted-media; picture-in-picture; web-share\" allowFullScreen=\"true\"><\/iframe>\t\t\t\t<\/div>\n\t\t\t\t<div class=\"elementor-element elementor-element-c501cbf elementor-widget elementor-widget-html\" data-id=\"c501cbf\" data-element_type=\"widget\" data-e-type=\"widget\" data-widget_type=\"html.default\">\n\t\t\t\t\t<iframe src=\"https:\/\/www.facebook.com\/plugins\/video.php?height=316&href=https%3A%2F%2Fwww.facebook.com%2Freel%2F1888048272097383%2F&show_text=true&width=560&t=0\" width=\"560\" height=\"431\" style=\"border:none;overflow:hidden\" scrolling=\"no\" frameborder=\"0\" allowfullscreen=\"true\" allow=\"autoplay; clipboard-write; encrypted-media; picture-in-picture; web-share\" allowFullScreen=\"true\"><\/iframe>\t\t\t\t<\/div>\n\t\t\t\t<div class=\"elementor-element elementor-element-386568b elementor-widget elementor-widget-html\" data-id=\"386568b\" data-element_type=\"widget\" data-e-type=\"widget\" data-widget_type=\"html.default\">\n\t\t\t\t\t<iframe src=\"https:\/\/www.facebook.com\/plugins\/video.php?height=314&href=https%3A%2F%2Fwww.facebook.com%2Freel%2F4278302725821866%2F&show_text=true&width=560&t=0\" width=\"560\" height=\"429\" style=\"border:none;overflow:hidden\" scrolling=\"no\" frameborder=\"0\" allowfullscreen=\"true\" allow=\"autoplay; clipboard-write; encrypted-media; picture-in-picture; web-share\" allowFullScreen=\"true\"><\/iframe>\t\t\t\t<\/div>\n\t\t\t\t\t<\/div>\n\t\t\t\t<\/div>\n\t\t<div class=\"elementor-element elementor-element-173fdfb e-flex e-con-boxed e-con e-parent\" data-id=\"173fdfb\" data-element_type=\"container\" data-e-type=\"container\">\n\t\t\t\t\t<div class=\"e-con-inner\">\n\t\t\t\t<div class=\"elementor-element elementor-element-2828ee47 elementor-widget elementor-widget-heading\" data-id=\"2828ee47\" data-element_type=\"widget\" data-e-type=\"widget\" data-widget_type=\"heading.default\">\n\t\t\t\t\t<h2 class=\"elementor-heading-title elementor-size-default\">ENLACES<\/h2>\t\t\t\t<\/div>\n\t\t\t\t\t<\/div>\n\t\t\t\t<\/div>\n\t\t<div class=\"elementor-element elementor-element-3832f385 e-grid e-con-full e-con e-parent\" data-id=\"3832f385\" data-element_type=\"container\" data-e-type=\"container\">\n\t\t\t\t<div class=\"elementor-element elementor-element-51cbc48a elementor-widget elementor-widget-image\" data-id=\"51cbc48a\" data-element_type=\"widget\" data-e-type=\"widget\" data-widget_type=\"image.default\">\n\t\t\t\t\t\t\t\t\t\t\t\t\t\t\t\t<a href=\"https:\/\/culturaveracruz.gob.mx\/publicaciones\/\" target=\"_blank\">\n\t\t\t\t\t\t\t<img decoding=\"async\" width=\"300\" height=\"158\" src=\"http:\/\/culturaveracruz.gob.mx\/secver\/wp-content\/uploads\/2025\/12\/Recintos_web_Editorial_secver-300x158.png\" class=\"elementor-animation-shrink attachment-medium size-medium wp-image-1695\" alt=\"\" srcset=\"http:\/\/culturaveracruz.gob.mx\/secver\/wp-content\/uploads\/2025\/12\/Recintos_web_Editorial_secver-300x158.png 300w, http:\/\/culturaveracruz.gob.mx\/secver\/wp-content\/uploads\/2025\/12\/Recintos_web_Editorial_secver.png 360w\" sizes=\"(max-width: 300px) 100vw, 300px\" \/>\t\t\t\t\t\t\t\t<\/a>\n\t\t\t\t\t\t\t\t\t\t\t\t\t\t\t<\/div>\n\t\t\t\t<div class=\"elementor-element elementor-element-2e8d2dcb elementor-widget elementor-widget-image\" data-id=\"2e8d2dcb\" data-element_type=\"widget\" data-e-type=\"widget\" data-widget_type=\"image.default\">\n\t\t\t\t\t\t\t\t\t\t\t\t\t\t\t\t<a href=\"https:\/\/www.facebook.com\/EscueladeMusicaSECVER\" target=\"_blank\">\n\t\t\t\t\t\t\t<img decoding=\"async\" width=\"300\" height=\"158\" src=\"http:\/\/culturaveracruz.gob.mx\/secver\/wp-content\/uploads\/2025\/12\/Recintos_web_ELMUVER-300x158.png\" class=\"elementor-animation-shrink attachment-medium size-medium wp-image-1739\" alt=\"\" srcset=\"http:\/\/culturaveracruz.gob.mx\/secver\/wp-content\/uploads\/2025\/12\/Recintos_web_ELMUVER-300x158.png 300w, http:\/\/culturaveracruz.gob.mx\/secver\/wp-content\/uploads\/2025\/12\/Recintos_web_ELMUVER.png 360w\" sizes=\"(max-width: 300px) 100vw, 300px\" \/>\t\t\t\t\t\t\t\t<\/a>\n\t\t\t\t\t\t\t\t\t\t\t\t\t\t\t<\/div>\n\t\t\t\t<div class=\"elementor-element elementor-element-53315f1b elementor-widget elementor-widget-image\" data-id=\"53315f1b\" data-element_type=\"widget\" data-e-type=\"widget\" data-widget_type=\"image.default\">\n\t\t\t\t\t\t\t\t\t\t\t\t\t\t\t\t<a href=\"https:\/\/www.formacionsecver.org.mx\/\" target=\"_blank\">\n\t\t\t\t\t\t\t<img decoding=\"async\" width=\"300\" height=\"158\" src=\"http:\/\/culturaveracruz.gob.mx\/secver\/wp-content\/uploads\/2025\/12\/Recintos_web_Plata_forma_cion-300x158.png\" class=\"elementor-animation-shrink attachment-medium size-medium wp-image-1740\" alt=\"\" srcset=\"http:\/\/culturaveracruz.gob.mx\/secver\/wp-content\/uploads\/2025\/12\/Recintos_web_Plata_forma_cion-300x158.png 300w, http:\/\/culturaveracruz.gob.mx\/secver\/wp-content\/uploads\/2025\/12\/Recintos_web_Plata_forma_cion.png 360w\" sizes=\"(max-width: 300px) 100vw, 300px\" \/>\t\t\t\t\t\t\t\t<\/a>\n\t\t\t\t\t\t\t\t\t\t\t\t\t\t\t<\/div>\n\t\t\t\t<div class=\"elementor-element elementor-element-4778f26c elementor-widget elementor-widget-image\" data-id=\"4778f26c\" data-element_type=\"widget\" data-e-type=\"widget\" data-widget_type=\"image.default\">\n\t\t\t\t\t\t\t\t\t\t\t\t\t\t\t\t<a href=\"https:\/\/www.segobver.gob.mx\/genero\/\" target=\"_blank\">\n\t\t\t\t\t\t\t<img loading=\"lazy\" decoding=\"async\" width=\"300\" height=\"158\" src=\"http:\/\/culturaveracruz.gob.mx\/secver\/wp-content\/uploads\/2025\/12\/Recintos_web_U_Genero_secver-300x158.png\" class=\"elementor-animation-shrink attachment-medium size-medium wp-image-1741\" alt=\"\" srcset=\"http:\/\/culturaveracruz.gob.mx\/secver\/wp-content\/uploads\/2025\/12\/Recintos_web_U_Genero_secver-300x158.png 300w, http:\/\/culturaveracruz.gob.mx\/secver\/wp-content\/uploads\/2025\/12\/Recintos_web_U_Genero_secver.png 360w\" sizes=\"(max-width: 300px) 100vw, 300px\" \/>\t\t\t\t\t\t\t\t<\/a>\n\t\t\t\t\t\t\t\t\t\t\t\t\t\t\t<\/div>\n\t\t\t\t<\/div>\n\t\t<div class=\"elementor-element elementor-element-2d903055 e-flex e-con-boxed e-con e-parent\" data-id=\"2d903055\" data-element_type=\"container\" data-e-type=\"container\">\n\t\t\t\t\t<div class=\"e-con-inner\">\n\t\t\t\t<div class=\"elementor-element elementor-element-29f94383 elementor-widget elementor-widget-heading\" data-id=\"29f94383\" data-element_type=\"widget\" data-e-type=\"widget\" data-widget_type=\"heading.default\">\n\t\t\t\t\t<h2 class=\"elementor-heading-title elementor-size-default\">TRANSPARENCIA<\/h2>\t\t\t\t<\/div>\n\t\t\t\t\t<\/div>\n\t\t\t\t<\/div>\n\t\t<div class=\"elementor-element elementor-element-b23d5bb e-grid e-con-full e-con e-parent\" data-id=\"b23d5bb\" data-element_type=\"container\" data-e-type=\"container\">\n\t\t\t\t<div class=\"elementor-element elementor-element-62b4d534 elementor-widget elementor-widget-image\" data-id=\"62b4d534\" data-element_type=\"widget\" data-e-type=\"widget\" data-widget_type=\"image.default\">\n\t\t\t\t\t\t\t\t\t\t\t\t\t\t\t\t<a href=\"https:\/\/transparencia.veracruzcultura.com\/\" target=\"_blank\">\n\t\t\t\t\t\t\t<img loading=\"lazy\" decoding=\"async\" width=\"300\" height=\"158\" src=\"http:\/\/culturaveracruz.gob.mx\/secver\/wp-content\/uploads\/2025\/12\/Recintos_web_Transparencia-300x158.png\" class=\"elementor-animation-shrink attachment-medium size-medium wp-image-1702\" alt=\"\" srcset=\"http:\/\/culturaveracruz.gob.mx\/secver\/wp-content\/uploads\/2025\/12\/Recintos_web_Transparencia-300x158.png 300w, http:\/\/culturaveracruz.gob.mx\/secver\/wp-content\/uploads\/2025\/12\/Recintos_web_Transparencia.png 360w\" sizes=\"(max-width: 300px) 100vw, 300px\" \/>\t\t\t\t\t\t\t\t<\/a>\n\t\t\t\t\t\t\t\t\t\t\t\t\t\t\t<\/div>\n\t\t\t\t<div class=\"elementor-element elementor-element-709cf6a6 elementor-widget elementor-widget-image\" data-id=\"709cf6a6\" data-element_type=\"widget\" data-e-type=\"widget\" data-widget_type=\"image.default\">\n\t\t\t\t\t\t\t\t\t\t\t\t\t\t\t\t<a href=\"https:\/\/transparencia.veracruzcultura.com\/aprivacidad.php\" target=\"_blank\">\n\t\t\t\t\t\t\t<img loading=\"lazy\" decoding=\"async\" width=\"300\" height=\"158\" src=\"http:\/\/culturaveracruz.gob.mx\/secver\/wp-content\/uploads\/2025\/12\/Recintos_web_Privacidad-300x158.png\" class=\"elementor-animation-shrink attachment-medium size-medium wp-image-1706\" alt=\"\" srcset=\"http:\/\/culturaveracruz.gob.mx\/secver\/wp-content\/uploads\/2025\/12\/Recintos_web_Privacidad-300x158.png 300w, http:\/\/culturaveracruz.gob.mx\/secver\/wp-content\/uploads\/2025\/12\/Recintos_web_Privacidad.png 360w\" sizes=\"(max-width: 300px) 100vw, 300px\" \/>\t\t\t\t\t\t\t\t<\/a>\n\t\t\t\t\t\t\t\t\t\t\t\t\t\t\t<\/div>\n\t\t\t\t<div class=\"elementor-element elementor-element-7142d238 elementor-widget elementor-widget-image\" data-id=\"7142d238\" data-element_type=\"widget\" data-e-type=\"widget\" data-widget_type=\"image.default\">\n\t\t\t\t\t\t\t\t\t\t\t\t\t\t\t\t<a href=\"https:\/\/transparencia.veracruzcultura.com\/organigrama.php\" target=\"_blank\">\n\t\t\t\t\t\t\t<img loading=\"lazy\" decoding=\"async\" width=\"300\" height=\"158\" src=\"http:\/\/culturaveracruz.gob.mx\/secver\/wp-content\/uploads\/2025\/12\/Recintos_web_Organigrama-300x158.png\" class=\"elementor-animation-shrink attachment-medium size-medium wp-image-1715\" alt=\"\" srcset=\"http:\/\/culturaveracruz.gob.mx\/secver\/wp-content\/uploads\/2025\/12\/Recintos_web_Organigrama-300x158.png 300w, http:\/\/culturaveracruz.gob.mx\/secver\/wp-content\/uploads\/2025\/12\/Recintos_web_Organigrama.png 360w\" sizes=\"(max-width: 300px) 100vw, 300px\" \/>\t\t\t\t\t\t\t\t<\/a>\n\t\t\t\t\t\t\t\t\t\t\t\t\t\t\t<\/div>\n\t\t\t\t<div class=\"elementor-element elementor-element-33c31c2d elementor-widget elementor-widget-image\" data-id=\"33c31c2d\" data-element_type=\"widget\" data-e-type=\"widget\" data-widget_type=\"image.default\">\n\t\t\t\t\t\t\t\t\t\t\t\t\t\t\t\t<a href=\"https:\/\/transparencia.veracruzcultura.com\/progAnual.php\" target=\"_blank\">\n\t\t\t\t\t\t\t<img loading=\"lazy\" decoding=\"async\" width=\"300\" height=\"158\" src=\"http:\/\/culturaveracruz.gob.mx\/secver\/wp-content\/uploads\/2025\/12\/Recintos_web_Adquisiciones-300x158.png\" class=\"elementor-animation-shrink attachment-medium size-medium wp-image-1714\" alt=\"\" srcset=\"http:\/\/culturaveracruz.gob.mx\/secver\/wp-content\/uploads\/2025\/12\/Recintos_web_Adquisiciones-300x158.png 300w, http:\/\/culturaveracruz.gob.mx\/secver\/wp-content\/uploads\/2025\/12\/Recintos_web_Adquisiciones.png 360w\" sizes=\"(max-width: 300px) 100vw, 300px\" \/>\t\t\t\t\t\t\t\t<\/a>\n\t\t\t\t\t\t\t\t\t\t\t\t\t\t\t<\/div>\n\t\t\t\t<div class=\"elementor-element elementor-element-52306828 elementor-widget elementor-widget-image\" data-id=\"52306828\" data-element_type=\"widget\" data-e-type=\"widget\" data-widget_type=\"image.default\">\n\t\t\t\t\t\t\t\t\t\t\t\t\t\t\t\t<a href=\"https:\/\/transparencia.veracruzcultura.com\/avpriv\/FormatoARCO.pdf\" target=\"_blank\">\n\t\t\t\t\t\t\t<img loading=\"lazy\" decoding=\"async\" width=\"300\" height=\"158\" src=\"http:\/\/culturaveracruz.gob.mx\/secver\/wp-content\/uploads\/2025\/12\/Recintos_web_ARCO-300x158.png\" class=\"elementor-animation-shrink attachment-medium size-medium wp-image-1710\" alt=\"\" srcset=\"http:\/\/culturaveracruz.gob.mx\/secver\/wp-content\/uploads\/2025\/12\/Recintos_web_ARCO-300x158.png 300w, http:\/\/culturaveracruz.gob.mx\/secver\/wp-content\/uploads\/2025\/12\/Recintos_web_ARCO.png 360w\" sizes=\"(max-width: 300px) 100vw, 300px\" \/>\t\t\t\t\t\t\t\t<\/a>\n\t\t\t\t\t\t\t\t\t\t\t\t\t\t\t<\/div>\n\t\t\t\t<\/div>\n\t\t<div class=\"elementor-element elementor-element-7b52e298 e-flex e-con-boxed e-con e-parent\" data-id=\"7b52e298\" data-element_type=\"container\" data-e-type=\"container\">\n\t\t\t\t\t<div class=\"e-con-inner\">\n\t\t\t\t<div class=\"elementor-element elementor-element-253f7fe8 elementor-widget elementor-widget-heading\" data-id=\"253f7fe8\" data-element_type=\"widget\" data-e-type=\"widget\" data-widget_type=\"heading.default\">\n\t\t\t\t\t<h2 class=\"elementor-heading-title elementor-size-default\">EMERGENCIAS<\/h2>\t\t\t\t<\/div>\n\t\t\t\t\t<\/div>\n\t\t\t\t<\/div>\n\t\t<div class=\"elementor-element elementor-element-7bc886bb e-flex e-con-boxed e-con e-parent\" data-id=\"7bc886bb\" data-element_type=\"container\" data-e-type=\"container\" data-settings=\"{&quot;background_background&quot;:&quot;slideshow&quot;,&quot;background_slideshow_gallery&quot;:[],&quot;background_slideshow_loop&quot;:&quot;yes&quot;,&quot;background_slideshow_slide_duration&quot;:5000,&quot;background_slideshow_slide_transition&quot;:&quot;fade&quot;,&quot;background_slideshow_transition_duration&quot;:500}\">\n\t\t\t\t\t<div class=\"e-con-inner\">\n\t\t<div class=\"elementor-element elementor-element-775b1298 e-grid e-con-full e-con e-child\" data-id=\"775b1298\" data-element_type=\"container\" data-e-type=\"container\">\n\t\t\t\t<div class=\"elementor-element elementor-element-335ed266 elementor-widget elementor-widget-image\" data-id=\"335ed266\" data-element_type=\"widget\" data-e-type=\"widget\" data-widget_type=\"image.default\">\n\t\t\t\t\t\t\t\t\t\t\t\t\t\t\t\t<a href=\"https:\/\/www.veracruz.gob.mx\/programadegobierno\/quejas-y-denuncias\/\" target=\"_blank\">\n\t\t\t\t\t\t\t<img loading=\"lazy\" decoding=\"async\" width=\"300\" height=\"158\" src=\"http:\/\/culturaveracruz.gob.mx\/secver\/wp-content\/uploads\/2025\/12\/Recintos_web_089_Denuncia-300x158.png\" class=\"elementor-animation-shrink attachment-medium size-medium wp-image-1781\" alt=\"\" srcset=\"http:\/\/culturaveracruz.gob.mx\/secver\/wp-content\/uploads\/2025\/12\/Recintos_web_089_Denuncia-300x158.png 300w, http:\/\/culturaveracruz.gob.mx\/secver\/wp-content\/uploads\/2025\/12\/Recintos_web_089_Denuncia.png 360w\" sizes=\"(max-width: 300px) 100vw, 300px\" \/>\t\t\t\t\t\t\t\t<\/a>\n\t\t\t\t\t\t\t\t\t\t\t\t\t\t\t<\/div>\n\t\t\t\t<div class=\"elementor-element elementor-element-3d8d3e6a elementor-widget elementor-widget-image\" data-id=\"3d8d3e6a\" data-element_type=\"widget\" data-e-type=\"widget\" data-widget_type=\"image.default\">\n\t\t\t\t\t\t\t\t\t\t\t\t\t\t\t\t<a href=\"https:\/\/www.gob.mx\/911\" target=\"_blank\">\n\t\t\t\t\t\t\t<img loading=\"lazy\" decoding=\"async\" width=\"300\" height=\"158\" src=\"http:\/\/culturaveracruz.gob.mx\/secver\/wp-content\/uploads\/2025\/12\/Recintos_web_911_Emergencias-300x158.png\" class=\"elementor-animation-shrink attachment-medium size-medium wp-image-1782\" alt=\"\" srcset=\"http:\/\/culturaveracruz.gob.mx\/secver\/wp-content\/uploads\/2025\/12\/Recintos_web_911_Emergencias-300x158.png 300w, http:\/\/culturaveracruz.gob.mx\/secver\/wp-content\/uploads\/2025\/12\/Recintos_web_911_Emergencias.png 360w\" sizes=\"(max-width: 300px) 100vw, 300px\" \/>\t\t\t\t\t\t\t\t<\/a>\n\t\t\t\t\t\t\t\t\t\t\t\t\t\t\t<\/div>\n\t\t\t\t<div class=\"elementor-element elementor-element-4f4627cf elementor-widget elementor-widget-image\" data-id=\"4f4627cf\" data-element_type=\"widget\" data-e-type=\"widget\" data-widget_type=\"image.default\">\n\t\t\t\t\t\t\t\t\t\t\t\t\t\t\t\t<a href=\"https:\/\/www.veracruz.gob.mx\/avgm\/\" target=\"_blank\">\n\t\t\t\t\t\t\t<img loading=\"lazy\" decoding=\"async\" width=\"300\" height=\"158\" src=\"http:\/\/culturaveracruz.gob.mx\/secver\/wp-content\/uploads\/2025\/12\/Recintos_web_Alerta_Genero-300x158.png\" class=\"elementor-animation-shrink attachment-medium size-medium wp-image-1783\" alt=\"\" srcset=\"http:\/\/culturaveracruz.gob.mx\/secver\/wp-content\/uploads\/2025\/12\/Recintos_web_Alerta_Genero-300x158.png 300w, http:\/\/culturaveracruz.gob.mx\/secver\/wp-content\/uploads\/2025\/12\/Recintos_web_Alerta_Genero.png 360w\" sizes=\"(max-width: 300px) 100vw, 300px\" \/>\t\t\t\t\t\t\t\t<\/a>\n\t\t\t\t\t\t\t\t\t\t\t\t\t\t\t<\/div>\n\t\t\t\t<\/div>\n\t\t\t\t\t<\/div>\n\t\t\t\t<\/div>\n\t\t<div class=\"elementor-element elementor-element-489c2809 e-flex e-con-boxed e-con e-parent\" data-id=\"489c2809\" data-element_type=\"container\" data-e-type=\"container\">\n\t\t\t\t\t<div class=\"e-con-inner\">\n\t\t\t\t<div class=\"elementor-element elementor-element-30fbd8da elementor-widget elementor-widget-heading\" data-id=\"30fbd8da\" data-element_type=\"widget\" data-e-type=\"widget\" data-widget_type=\"heading.default\">\n\t\t\t\t\t<h2 class=\"elementor-heading-title elementor-size-default\">ENLACES<\/h2>\t\t\t\t<\/div>\n\t\t\t\t\t<\/div>\n\t\t\t\t<\/div>\n\t\t<div class=\"elementor-element elementor-element-4b9abe53 e-grid e-con-boxed e-con e-parent\" data-id=\"4b9abe53\" data-element_type=\"container\" data-e-type=\"container\" data-settings=\"{&quot;background_background&quot;:&quot;classic&quot;}\">\n\t\t\t\t\t<div class=\"e-con-inner\">\n\t\t\t\t<div class=\"elementor-element elementor-element-5b58540b elementor-widget elementor-widget-text-editor\" data-id=\"5b58540b\" data-element_type=\"widget\" data-e-type=\"widget\" data-widget_type=\"text-editor.default\">\n\t\t\t\t\t\t\t\t\t<ul><li><span style=\"color: #808080;\"><strong><a style=\"color: #808080;\" href=\"https:\/\/litorale.com.mx\/directorios\/direccionescultura.pdf\" target=\"_blank\" rel=\"noopener\">Direcciones de Cultura 2024<\/a><\/strong><\/span><\/li><li><span style=\"color: #808080;\"><strong><a style=\"color: #808080;\" href=\"https:\/\/litorale.com.mx\/directorios\/casascultura.pdf\" target=\"_blank\" rel=\"noopener\">Directorio de Casas de Cultura<\/a><\/strong><\/span><\/li><li><span style=\"color: #808080;\"><a style=\"color: #808080;\" href=\"https:\/\/litorale.com.mx\/docs\/patrimoniocultural.pdf\" target=\"_blank\" rel=\"noopener\"><strong>Inventario de Patrimonio Cultural Inmaterial de Veracruz<\/strong><\/a><\/span><\/li><\/ul>\t\t\t\t\t\t\t\t<\/div>\n\t\t\t\t<div class=\"elementor-element elementor-element-6aa0f0fc elementor-widget elementor-widget-text-editor\" data-id=\"6aa0f0fc\" data-element_type=\"widget\" data-e-type=\"widget\" data-widget_type=\"text-editor.default\">\n\t\t\t\t\t\t\t\t\t<ul><li><span style=\"color: #808080;\"><a style=\"color: #808080;\" href=\"https:\/\/culturaveracruz.gob.mx\/secver\/mision-vision-y-codigo-de-conducta\/\" target=\"_blank\" rel=\"noopener\"><strong>Misi\u00f3n, Visi\u00f3n y C\u00f3digo de Conducta<\/strong><\/a><\/span><\/li><li><a href=\"https:\/\/litorale.com.mx\/docs\/Manual_General_de_Organizacion_del_IVEC.pdf\" target=\"_blank\" rel=\"noopener\"><span style=\"color: #808080;\"><strong>Manual General de Organizaci\u00f3n<\/strong><\/span><\/a><\/li><li><a href=\"https:\/\/litorale.com.mx\/docs\/ManualOrganizacionSubcomiteAdquisicionesIVEC2022.pdf\" target=\"_blank\" rel=\"noopener\"><span style=\"color: #808080;\"><strong>Manual Subcomite Adquisiciones<\/strong><\/span><\/a><\/li><\/ul>\t\t\t\t\t\t\t\t<\/div>\n\t\t\t\t<div class=\"elementor-element elementor-element-18e6b03a elementor-widget elementor-widget-text-editor\" data-id=\"18e6b03a\" data-element_type=\"widget\" data-e-type=\"widget\" data-widget_type=\"text-editor.default\">\n\t\t\t\t\t\t\t\t\t<ul><li><span style=\"color: #808080;\"><a style=\"color: #808080;\" href=\"https:\/\/ivecnas.ddns.net:50194\/admin\/Doctos\/2025\/PVC-ProgramaVeracruzanoDeCultura2025-2030.pdf\" target=\"_blank\" rel=\"noopener\"><strong>Plan Veracruzano de Cultura 2024 &#8211; 2030<\/strong><\/a><\/span><\/li><li><a href=\"https:\/\/litorale.com.mx\/docs\/Gac2024-224_Marte_%2004_TOMO_III_Ext.pdf\" target=\"_blank\" rel=\"noopener\"><span style=\"color: #808080;\"><strong>Reglamento Interior de la Secretar\u00eda de Cultura<\/strong><\/span><\/a><\/li><li><span style=\"color: #808080;\"><a style=\"color: #808080;\" href=\"https:\/\/culturaveracruz.gob.mx\/secver\/cocodi\/\" target=\"_blank\" rel=\"noopener\"><strong>COCODI<\/strong><\/a><\/span><\/li><\/ul>\t\t\t\t\t\t\t\t<\/div>\n\t\t\t\t\t<\/div>\n\t\t\t\t<\/div>\n\t\t\t\t<\/div>\n\t\t","protected":false},"excerpt":{"rendered":"<p>CARTELERA DIFUSI\u00d3N ENLACES TRANSPARENCIA EMERGENCIAS ENLACES Direcciones de Cultura 2024 Directorio de Casas de Cultura Inventario de Patrimonio Cultural Inmaterial de Veracruz Misi\u00f3n, Visi\u00f3n y C\u00f3digo de Conducta Manual General de Organizaci\u00f3n Manual Subcomite Adquisiciones Plan Veracruzano de Cultura 2024 &#8211; 2030 Reglamento Interior de la Secretar\u00eda de Cultura COCODI<\/p>\n","protected":false},"author":1,"featured_media":0,"parent":0,"menu_order":0,"comment_status":"closed","ping_status":"closed","template":"","meta":{"neve_meta_sidebar":"","neve_meta_container":"","neve_meta_enable_content_width":"","neve_meta_content_width":0,"neve_meta_title_alignment":"","neve_meta_author_avatar":"","neve_post_elements_order":"","neve_meta_disable_header":"","neve_meta_disable_footer":"","neve_meta_disable_title":"on","footnotes":""},"class_list":["post-1630","page","type-page","status-publish","hentry"],"_links":{"self":[{"href":"https:\/\/culturaveracruz.gob.mx\/secver\/wp-json\/wp\/v2\/pages\/1630","targetHints":{"allow":["GET"]}}],"collection":[{"href":"https:\/\/culturaveracruz.gob.mx\/secver\/wp-json\/wp\/v2\/pages"}],"about":[{"href":"https:\/\/culturaveracruz.gob.mx\/secver\/wp-json\/wp\/v2\/types\/page"}],"author":[{"embeddable":true,"href":"https:\/\/culturaveracruz.gob.mx\/secver\/wp-json\/wp\/v2\/users\/1"}],"replies":[{"embeddable":true,"href":"https:\/\/culturaveracruz.gob.mx\/secver\/wp-json\/wp\/v2\/comments?post=1630"}],"version-history":[{"count":116,"href":"https:\/\/culturaveracruz.gob.mx\/secver\/wp-json\/wp\/v2\/pages\/1630\/revisions"}],"predecessor-version":[{"id":2101,"href":"https:\/\/culturaveracruz.gob.mx\/secver\/wp-json\/wp\/v2\/pages\/1630\/revisions\/2101"}],"wp:attachment":[{"href":"https:\/\/culturaveracruz.gob.mx\/secver\/wp-json\/wp\/v2\/media?parent=1630"}],"curies":[{"name":"wp","href":"https:\/\/api.w.org\/{rel}","templated":true}]}}