{"id":610,"date":"2025-07-28T17:44:12","date_gmt":"2025-07-28T17:44:12","guid":{"rendered":"http:\/\/culturaveracruz.gob.mx\/secver\/?page_id=610"},"modified":"2026-04-01T15:47:13","modified_gmt":"2026-04-01T15:47:13","slug":"mision-vision-y-codigo-de-conducta","status":"publish","type":"page","link":"https:\/\/culturaveracruz.gob.mx\/secver\/mision-vision-y-codigo-de-conducta\/","title":{"rendered":"Misi\u00f3n, Visi\u00f3n y C\u00f3digo de Conducta"},"content":{"rendered":"\t\t<div data-elementor-type=\"wp-page\" data-elementor-id=\"610\" class=\"elementor elementor-610\">\n\t\t\t\t<div class=\"elementor-element elementor-element-2519956 e-flex e-con-boxed e-con e-parent\" data-id=\"2519956\" data-element_type=\"container\" data-e-type=\"container\">\n\t\t\t\t\t<div class=\"e-con-inner\">\n\t\t\t\t<div class=\"elementor-element elementor-element-00d5d00 elementor-widget elementor-widget-text-editor\" data-id=\"00d5d00\" data-element_type=\"widget\" data-e-type=\"widget\" data-widget_type=\"text-editor.default\">\n\t\t\t\t\t\t\t\t\t<hr \/><p>\u00a0<\/p>\t\t\t\t\t\t\t\t<\/div>\n\t\t\t\t\t<\/div>\n\t\t\t\t<\/div>\n\t\t<div class=\"elementor-element elementor-element-c702dac e-flex e-con-boxed e-con e-parent\" data-id=\"c702dac\" data-element_type=\"container\" data-e-type=\"container\">\n\t\t\t\t\t<div class=\"e-con-inner\">\n\t\t\t\t<div class=\"elementor-element elementor-element-505f8d8 elementor-widget elementor-widget-text-editor\" data-id=\"505f8d8\" data-element_type=\"widget\" data-e-type=\"widget\" data-widget_type=\"text-editor.default\">\n\t\t\t\t\t\t\t\t\t<h4 style=\"text-align: center;\">\u00a0<strong style=\"text-align: center;\">Misi\u00f3n<\/strong><\/h4><p class=\"text-justify\" style=\"text-align: justify;\">Contribuir al desarrollo cultural y social de la poblaci\u00f3n veracruzana mediante el fomento a la creaci\u00f3n, la formaci\u00f3n, promoci\u00f3n y gesti\u00f3n de las manifestaciones culturales y art\u00edsticas, para garantizar el acceso y el disfrute de la diversidad creativa, el ejercicio de los derechos culturales y la preservaci\u00f3n y salvaguarda del patrimonio art\u00edstico, hist\u00f3rico y cultural, material, inmaterial y biocultural, en un marco de libertad, equidad, inclusi\u00f3n y di\u00e1logo intercultural.<\/p><h4 style=\"text-align: left;\">\u00a0<\/h4><h4 style=\"text-align: center;\"><strong>Visi\u00f3n<\/strong><\/h4><p class=\"text-justify\" style=\"text-align: justify;\">Ser una instancia clave en el dise\u00f1o y la ejecuci\u00f3n de pol\u00edticas p\u00fablicas orientadas al desarrollo y el bienestar social mediante el fomento, la promoci\u00f3n y la formaci\u00f3n cultural, la preservaci\u00f3n del patrimonio y la ampliaci\u00f3n de la diversidad creativa veracruzana, con apego a los derechos culturales y los principios de la gobernanza participativa.<\/p>\t\t\t\t\t\t\t\t<\/div>\n\t\t\t\t\t<\/div>\n\t\t\t\t<\/div>\n\t\t<div class=\"elementor-element elementor-element-2add2f3 e-flex e-con-boxed e-con e-parent\" data-id=\"2add2f3\" data-element_type=\"container\" data-e-type=\"container\">\n\t\t\t\t\t<div class=\"e-con-inner\">\n\t\t\t\t<div class=\"elementor-element elementor-element-d817dfb elementor-widget elementor-widget-text-editor\" data-id=\"d817dfb\" data-element_type=\"widget\" data-e-type=\"widget\" data-widget_type=\"text-editor.default\">\n\t\t\t\t\t\t\t\t\t<hr \/><p>\u00a0<\/p>\t\t\t\t\t\t\t\t<\/div>\n\t\t\t\t\t<\/div>\n\t\t\t\t<\/div>\n\t\t<div class=\"elementor-element elementor-element-de44420 e-flex e-con-boxed e-con e-parent\" data-id=\"de44420\" data-element_type=\"container\" data-e-type=\"container\">\n\t\t\t\t\t<div class=\"e-con-inner\">\n\t\t<div class=\"elementor-element elementor-element-b1d6184 e-con-full e-flex e-con e-child\" data-id=\"b1d6184\" data-element_type=\"container\" data-e-type=\"container\">\n\t\t\t\t<div class=\"elementor-element elementor-element-892480c elementor-align-center elementor-widget elementor-widget-button\" data-id=\"892480c\" data-element_type=\"widget\" data-e-type=\"widget\" data-widget_type=\"button.default\">\n\t\t\t\t\t\t\t\t\t\t<a class=\"elementor-button elementor-button-link elementor-size-sm\" href=\"https:\/\/litorale.com.mx\/docs\/CodigoConductaSECVER2024.pdf\" target=\"_blank\">\n\t\t\t\t\t\t<span class=\"elementor-button-content-wrapper\">\n\t\t\t\t\t\t\t\t\t<span class=\"elementor-button-text\">C\u00f3digo de Conducta<\/span>\n\t\t\t\t\t<\/span>\n\t\t\t\t\t<\/a>\n\t\t\t\t\t\t\t\t<\/div>\n\t\t\t\t<\/div>\n\t\t<div class=\"elementor-element elementor-element-59546e6 e-con-full e-flex e-con e-child\" data-id=\"59546e6\" data-element_type=\"container\" data-e-type=\"container\">\n\t\t\t\t<div class=\"elementor-element elementor-element-69d841d elementor-align-center elementor-widget elementor-widget-button\" data-id=\"69d841d\" data-element_type=\"widget\" data-e-type=\"widget\" data-widget_type=\"button.default\">\n\t\t\t\t\t\t\t\t\t\t<a class=\"elementor-button elementor-button-link elementor-size-sm\" href=\"https:\/\/litorale.com.mx\/docs\/Codigo_de_Etica_de_los_Servidores_Publicos_del_Poder_Ejecutivo_del_Estado_de_Veracruz.pdf\" target=\"_blank\">\n\t\t\t\t\t\t<span class=\"elementor-button-content-wrapper\">\n\t\t\t\t\t\t\t\t\t<span class=\"elementor-button-text\">C\u00f3digo de \u00c9tica<\/span>\n\t\t\t\t\t<\/span>\n\t\t\t\t\t<\/a>\n\t\t\t\t\t\t\t\t<\/div>\n\t\t\t\t<\/div>\n\t\t\t\t\t<\/div>\n\t\t\t\t<\/div>\n\t\t\t\t<\/div>\n\t\t","protected":false},"excerpt":{"rendered":"<p>\u00a0 \u00a0Misi\u00f3n Contribuir al desarrollo cultural y social de la poblaci\u00f3n veracruzana mediante el fomento a la creaci\u00f3n, la formaci\u00f3n, promoci\u00f3n y gesti\u00f3n de las manifestaciones culturales y art\u00edsticas, para garantizar el acceso y el disfrute de la diversidad creativa, el ejercicio de los derechos culturales y la preservaci\u00f3n y salvaguarda del patrimonio art\u00edstico, hist\u00f3rico&hellip;&nbsp;<\/p>\n","protected":false},"author":2,"featured_media":0,"parent":0,"menu_order":0,"comment_status":"closed","ping_status":"closed","template":"page-templates\/template-pagebuilder-full-width.php","meta":{"neve_meta_sidebar":"","neve_meta_container":"","neve_meta_enable_content_width":"","neve_meta_content_width":0,"neve_meta_title_alignment":"","neve_meta_author_avatar":"","neve_post_elements_order":"","neve_meta_disable_header":"","neve_meta_disable_footer":"","neve_meta_disable_title":"","footnotes":""},"class_list":["post-610","page","type-page","status-publish","hentry"],"_links":{"self":[{"href":"https:\/\/culturaveracruz.gob.mx\/secver\/wp-json\/wp\/v2\/pages\/610","targetHints":{"allow":["GET"]}}],"collection":[{"href":"https:\/\/culturaveracruz.gob.mx\/secver\/wp-json\/wp\/v2\/pages"}],"about":[{"href":"https:\/\/culturaveracruz.gob.mx\/secver\/wp-json\/wp\/v2\/types\/page"}],"author":[{"embeddable":true,"href":"https:\/\/culturaveracruz.gob.mx\/secver\/wp-json\/wp\/v2\/users\/2"}],"replies":[{"embeddable":true,"href":"https:\/\/culturaveracruz.gob.mx\/secver\/wp-json\/wp\/v2\/comments?post=610"}],"version-history":[{"count":37,"href":"https:\/\/culturaveracruz.gob.mx\/secver\/wp-json\/wp\/v2\/pages\/610\/revisions"}],"predecessor-version":[{"id":2086,"href":"https:\/\/culturaveracruz.gob.mx\/secver\/wp-json\/wp\/v2\/pages\/610\/revisions\/2086"}],"wp:attachment":[{"href":"https:\/\/culturaveracruz.gob.mx\/secver\/wp-json\/wp\/v2\/media?parent=610"}],"curies":[{"name":"wp","href":"https:\/\/api.w.org\/{rel}","templated":true}]}}